{"id":847,"date":"2023-03-22T17:24:44","date_gmt":"2023-03-22T16:24:44","guid":{"rendered":"https:\/\/unehistoireamalakoff.org\/?page_id=847"},"modified":"2026-02-16T10:10:57","modified_gmt":"2026-02-16T09:10:57","slug":"exposant-e-s-le-marche-pirate-de-lart","status":"publish","type":"page","link":"https:\/\/unehistoireamalakoff.org\/index.php\/exposant-e-s-le-marche-pirate-de-lart\/","title":{"rendered":"March\u00e9 de nuit  Inscription Samedi 4 Avril"},"content":{"rendered":"\n<p><\/p>\n\n\n\n<figure class=\"wp-block-image aligncenter size-large is-resized\"><img data-recalc-dims=\"1\" loading=\"lazy\" decoding=\"async\" width=\"1024\" height=\"725\" src=\"https:\/\/i0.wp.com\/unehistoireamalakoff.org\/wp-content\/uploads\/2026\/02\/ALICE-2026.png?resize=1024%2C725&#038;ssl=1\" alt=\"\" class=\"wp-image-3968\" style=\"width:510px;height:auto\" srcset=\"https:\/\/i0.wp.com\/unehistoireamalakoff.org\/wp-content\/uploads\/2026\/02\/ALICE-2026.png?resize=1024%2C725&amp;ssl=1 1024w, https:\/\/i0.wp.com\/unehistoireamalakoff.org\/wp-content\/uploads\/2026\/02\/ALICE-2026.png?resize=300%2C212&amp;ssl=1 300w, https:\/\/i0.wp.com\/unehistoireamalakoff.org\/wp-content\/uploads\/2026\/02\/ALICE-2026.png?resize=768%2C543&amp;ssl=1 768w, https:\/\/i0.wp.com\/unehistoireamalakoff.org\/wp-content\/uploads\/2026\/02\/ALICE-2026.png?resize=1536%2C1087&amp;ssl=1 1536w, https:\/\/i0.wp.com\/unehistoireamalakoff.org\/wp-content\/uploads\/2026\/02\/ALICE-2026.png?w=1754&amp;ssl=1 1754w\" sizes=\"auto, (max-width: 1000px) 100vw, 1000px\" \/><\/figure>\n\n\n<h1 class=\"wp-block-heading has-text-align-center has-text-color\" style=\"color:#de7cbc\" id=\"la-soiree-de-cheshirec2a0\"><strong>\u00ab\u00a0La soir&eacute;e de Cheshire\u00a0\u00bb&nbsp;<\/strong><\/h1>\n\n\n\n<p class=\"has-text-align-center has-text-color has-link-color wp-elements-04e26d74e8334d06823400b91171fa7c\" style=\"color:#f88aeb\"><strong>March\u00e9 des cr\u00e9ateurs, Son et lumi\u00e8re et DJ set<\/strong><\/p>\n\n\n\n<p class=\"has-text-color has-link-color wp-elements-9c598bc25d921cb7373b88a858e43079\" style=\"color:#d9add8\">Apr\u00e8s l\u2019\u00e9dition 2025\u00a0<strong>La Belle au bois dormant<\/strong>, nous allons commencer cette \u00e9dition 2026 avec la soir\u00e9e du Chat de Cheshire compl\u00e8tement renversante: march\u00e9 de nuit des cr\u00e9ateurs dans une ambiance Pays des merveilles et une soir\u00e9e DJ set (Bootleg, mashup, mix et remix) \u00e0 la salle Jean Jaur\u00e8s.<\/p>\n\n\n\n<p class=\"has-text-color has-link-color wp-elements-21abfe2b76b80746916f643f855f0141\" style=\"color:#d9add8\">Le 4 Avril 2026, de 15h \u00e0 00h \u00e0 la salle Jean Jaur\u00e8s  \u2013 <a href=\"https:\/\/www.google.com\/maps\/place\/\/data=!4m2!3m1!1s0x47e671002e6ecf09:0xfcd44b5eed835d7?sa=X&amp;ved=1t:8290&amp;ictx=111\">11 Av. Jules Ferry, 92240 Malakoff<\/a>.<\/p>\n\n\n\n<p class=\"has-text-align-center has-text-color has-link-color wp-elements-b3007fedf555075f52833ac93c694432\" style=\"color:#d9add8\"><\/p>\n\n\n\n<p class=\"has-text-align-center\"><strong>Bienvenue \u00e0 tous au march\u00e9 <strong>nocturne<\/strong><\/strong> <strong>des cr\u00e9ateurs, plac\u00e9 sous le signe du Chat de Cheshire\u2026 mais version 2026 !<\/strong><br>Ce soir, oubliez le quotidien : vous entrez dans un monde o\u00f9 la magie se r\u00e9veille au clair de lune. Entre les \u00e9tals \u00e9clair\u00e9s par des guirlandes scintillantes et les cr\u00e9ations pleines de charme, l\u2019univers du conte prend vie autour de vous.<\/p>\n\n\n\n<p>Que vous soyez une Alice, une Reine Rouge ou simplement en qu\u00eate d\u2019un peu de folie, ce march\u00e9 est fait pour vous. C\u00e9ramiques enchant\u00e9es, accessoires f\u00e9\u00e9riques, d\u00e9co inspir\u00e9e des for\u00eats enchant\u00e9es\u2026 chaque stand regorge de p\u00e9pites cr\u00e9atives, faites avec passion.<\/p>\n\n\n\n<p><strong>Et d\u00e8s la nuit tomb\u00e9e, pr\u00e9parez-vous \u00e0 en prendre plein les yeux :<\/strong><br>Un show son et lumi\u00e8re transformera le lieu en Pays des merveilles\u2026 o\u00f9 tout peut se passer et vous mettre la t\u00eate compl\u00e8tement \u00e0 l&rsquo;envers ! Projections, musique immersive, couleurs magiques : le conte se rejoue en version visuelle et sensorielle. Une exp\u00e9rience qui m\u00eale nostalgie et \u00e9merveillement, comme si vous \u00e9tiez vous-m\u00eame dans la t\u00eate du du Chat de Cheshire.<\/p>\n\n\n\n<p class=\"has-text-align-center\">Alors ce soir, on laisse le monde r\u00e9el \u00e0 la porte, on se balade, on d\u00e9couvre, on r\u00eave\u2026 et on s\u2019\u00e9merveille ensemble sous les \u00e9toiles \u2728<\/p>\n\n\n\n<div class=\"wp-block-contact-form-7-contact-form-selector\">\n<div class=\"wpcf7 no-js\" id=\"wpcf7-f850-o1\" lang=\"fr-FR\" dir=\"ltr\" data-wpcf7-id=\"850\">\n<div class=\"screen-reader-response\"><p role=\"status\" aria-live=\"polite\" aria-atomic=\"true\"><\/p> <ul><\/ul><\/div>\n<form action=\"\/index.php\/wp-json\/wp\/v2\/pages\/847#wpcf7-f850-o1\" method=\"post\" class=\"wpcf7-form init\" aria-label=\"Formulaire de contact\" novalidate=\"novalidate\" data-status=\"init\">\n<fieldset class=\"hidden-fields-container\"><input type=\"hidden\" name=\"_wpcf7\" value=\"850\" \/><input type=\"hidden\" name=\"_wpcf7_version\" value=\"6.1.5\" \/><input type=\"hidden\" name=\"_wpcf7_locale\" value=\"fr_FR\" \/><input type=\"hidden\" name=\"_wpcf7_unit_tag\" value=\"wpcf7-f850-o1\" \/><input type=\"hidden\" name=\"_wpcf7_container_post\" value=\"0\" \/><input type=\"hidden\" name=\"_wpcf7_posted_data_hash\" value=\"\" \/><input type=\"hidden\" name=\"_wpcf7cf_hidden_group_fields\" value=\"[]\" \/><input type=\"hidden\" name=\"_wpcf7cf_hidden_groups\" value=\"[]\" \/><input type=\"hidden\" name=\"_wpcf7cf_visible_groups\" value=\"[]\" \/><input type=\"hidden\" name=\"_wpcf7cf_repeaters\" value=\"[]\" \/><input type=\"hidden\" name=\"_wpcf7cf_steps\" value=\"{}\" \/><input type=\"hidden\" name=\"_wpcf7cf_options\" value=\"{&quot;form_id&quot;:850,&quot;conditions&quot;:[],&quot;settings&quot;:{&quot;animation&quot;:&quot;yes&quot;,&quot;animation_intime&quot;:200,&quot;animation_outtime&quot;:200,&quot;conditions_ui&quot;:&quot;normal&quot;,&quot;notice_dismissed&quot;:false}}\" \/><input type=\"hidden\" name=\"_wpcf7_recaptcha_response\" value=\"\" \/>\n<\/fieldset>\n<p><label> Votre nom<br \/>\n<span class=\"wpcf7-form-control-wrap\" data-name=\"your-name\"><input size=\"40\" maxlength=\"400\" class=\"wpcf7-form-control wpcf7-text wpcf7-validates-as-required\" aria-required=\"true\" aria-invalid=\"false\" value=\"\" type=\"text\" name=\"your-name\" \/><\/span> <\/label>\n<\/p>\n<p><label> Votre pr\u00e9nom<br \/>\n<span class=\"wpcf7-form-control-wrap\" data-name=\"your-surname\"><input size=\"40\" maxlength=\"400\" class=\"wpcf7-form-control wpcf7-text wpcf7-validates-as-required\" aria-required=\"true\" aria-invalid=\"false\" value=\"\" type=\"text\" name=\"your-surname\" \/><\/span> <\/label>\n<\/p>\n<p><label> Votre nom\/marque d'artiste ou artisan-e<br \/>\n<span class=\"wpcf7-form-control-wrap\" data-name=\"your-artname\"><input size=\"40\" maxlength=\"400\" class=\"wpcf7-form-control wpcf7-text\" aria-invalid=\"false\" value=\"\" type=\"text\" name=\"your-artname\" \/><\/span> <\/label>\n<\/p>\n<p><label> Votre domaine d'art\/artisanat<br \/>\n<span class=\"wpcf7-form-control-wrap\" data-name=\"your-artfieldname\"><input size=\"40\" maxlength=\"400\" class=\"wpcf7-form-control wpcf7-text\" aria-invalid=\"false\" value=\"\" type=\"text\" name=\"your-artfieldname\" \/><\/span> <\/label>\n<\/p>\n<p><label> Votre e-mail<br \/>\n<span class=\"wpcf7-form-control-wrap\" data-name=\"your-email\"><input size=\"40\" maxlength=\"400\" class=\"wpcf7-form-control wpcf7-email wpcf7-validates-as-required wpcf7-text wpcf7-validates-as-email\" aria-required=\"true\" aria-invalid=\"false\" value=\"\" type=\"email\" name=\"your-email\" \/><\/span> <\/label>\n<\/p>\n<p><label> Votre tel<br \/>\n<span class=\"wpcf7-form-control-wrap\" data-name=\"tel-709\"><input size=\"40\" maxlength=\"400\" class=\"wpcf7-form-control wpcf7-tel wpcf7-validates-as-required wpcf7-text wpcf7-validates-as-tel\" aria-required=\"true\" aria-invalid=\"false\" value=\"\" type=\"tel\" name=\"tel-709\" \/><\/span> <\/label>\n<\/p>\n<p><input class=\"wpcf7-form-control wpcf7-submit has-spinner\" type=\"submit\" value=\"Envoyer\" \/>\n<\/p><p style=\"display: none !important;\" class=\"akismet-fields-container\" data-prefix=\"_wpcf7_ak_\"><label>&#916;<textarea name=\"_wpcf7_ak_hp_textarea\" cols=\"45\" rows=\"8\" maxlength=\"100\"><\/textarea><\/label><input type=\"hidden\" id=\"ak_js_1\" name=\"_wpcf7_ak_js\" value=\"84\"\/><script>\ndocument.getElementById( \"ak_js_1\" ).setAttribute( \"value\", ( new Date() ).getTime() );\n<\/script>\n<\/p><div class=\"wpcf7-response-output\" aria-hidden=\"true\"><\/div>\n<\/form>\n<\/div>\n<\/div>\n","protected":false},"excerpt":{"rendered":"<p>\u00ab\u00a0La soir&eacute;e de Cheshire\u00a0\u00bb&nbsp; March\u00e9 des cr\u00e9ateurs, Son et lumi\u00e8re et DJ set Apr\u00e8s l\u2019\u00e9dition 2025\u00a0La Belle au bois dormant, nous allons commencer cette \u00e9dition 2026 avec la soir\u00e9e du Chat de Cheshire compl\u00e8tement renversante: march\u00e9 de nuit des cr\u00e9ateurs dans une ambiance Pays des merveilles et une soir\u00e9e DJ set (Bootleg, mashup, mix et [&hellip;]<\/p>\n","protected":false},"author":1,"featured_media":0,"parent":0,"menu_order":4,"comment_status":"closed","ping_status":"closed","template":"","meta":{"footnotes":""},"class_list":["post-847","page","type-page","status-publish","hentry"],"jetpack_sharing_enabled":true,"_links":{"self":[{"href":"https:\/\/unehistoireamalakoff.org\/index.php\/wp-json\/wp\/v2\/pages\/847","targetHints":{"allow":["GET"]}}],"collection":[{"href":"https:\/\/unehistoireamalakoff.org\/index.php\/wp-json\/wp\/v2\/pages"}],"about":[{"href":"https:\/\/unehistoireamalakoff.org\/index.php\/wp-json\/wp\/v2\/types\/page"}],"author":[{"embeddable":true,"href":"https:\/\/unehistoireamalakoff.org\/index.php\/wp-json\/wp\/v2\/users\/1"}],"replies":[{"embeddable":true,"href":"https:\/\/unehistoireamalakoff.org\/index.php\/wp-json\/wp\/v2\/comments?post=847"}],"version-history":[{"count":19,"href":"https:\/\/unehistoireamalakoff.org\/index.php\/wp-json\/wp\/v2\/pages\/847\/revisions"}],"predecessor-version":[{"id":3979,"href":"https:\/\/unehistoireamalakoff.org\/index.php\/wp-json\/wp\/v2\/pages\/847\/revisions\/3979"}],"wp:attachment":[{"href":"https:\/\/unehistoireamalakoff.org\/index.php\/wp-json\/wp\/v2\/media?parent=847"}],"curies":[{"name":"wp","href":"https:\/\/api.w.org\/{rel}","templated":true}]}}