{"id":2734,"date":"2025-04-03T12:04:29","date_gmt":"2025-04-03T10:04:29","guid":{"rendered":"https:\/\/unehistoireamalakoff.org\/?page_id=2734"},"modified":"2026-04-13T12:25:25","modified_gmt":"2026-04-13T10:25:25","slug":"oeuvres-chez-les-commercants","status":"publish","type":"page","link":"https:\/\/unehistoireamalakoff.org\/index.php\/le-programme-2026\/oeuvres-chez-les-commercants\/","title":{"rendered":"Oeuvres chez les commer\u00e7ants"},"content":{"rendered":"\n<div style=\"height:20px\" aria-hidden=\"true\" class=\"wp-block-spacer\"><\/div>\n\n\n\n<figure class=\"wp-block-image size-large\"><img data-recalc-dims=\"1\" loading=\"lazy\" decoding=\"async\" width=\"1024\" height=\"152\" src=\"https:\/\/i0.wp.com\/unehistoireamalakoff.org\/wp-content\/uploads\/2026\/03\/BANIERE-PROGRAMME.png?resize=1024%2C152&#038;ssl=1\" alt=\"\" class=\"wp-image-4174\" srcset=\"https:\/\/i0.wp.com\/unehistoireamalakoff.org\/wp-content\/uploads\/2026\/03\/BANIERE-PROGRAMME-scaled.png?resize=1024%2C152&amp;ssl=1 1024w, https:\/\/i0.wp.com\/unehistoireamalakoff.org\/wp-content\/uploads\/2026\/03\/BANIERE-PROGRAMME-scaled.png?resize=300%2C44&amp;ssl=1 300w, https:\/\/i0.wp.com\/unehistoireamalakoff.org\/wp-content\/uploads\/2026\/03\/BANIERE-PROGRAMME-scaled.png?resize=768%2C114&amp;ssl=1 768w, https:\/\/i0.wp.com\/unehistoireamalakoff.org\/wp-content\/uploads\/2026\/03\/BANIERE-PROGRAMME-scaled.png?resize=1536%2C227&amp;ssl=1 1536w, https:\/\/i0.wp.com\/unehistoireamalakoff.org\/wp-content\/uploads\/2026\/03\/BANIERE-PROGRAMME-scaled.png?resize=2048%2C303&amp;ssl=1 2048w\" sizes=\"auto, (max-width: 1000px) 100vw, 1000px\" \/><\/figure>\n\n\n<h2 class=\"wp-block-heading has-text-align-center\" id=\"exposition-des-oeuvres-chez-les-commercants\">Exposition des oeuvres chez les commer&ccedil;ants <\/h2>\n\n\n\n<div style=\"height:20px\" aria-hidden=\"true\" class=\"wp-block-spacer\"><\/div>\n\n\n\n<div class=\"wp-block-columns is-layout-flex wp-container-core-columns-is-layout-28f84493 wp-block-columns-is-layout-flex\">\n<div class=\"wp-block-column is-layout-flow wp-block-column-is-layout-flow\" style=\"flex-basis:66.66%\">\n<div class=\"wp-block-group has-global-padding is-content-justification-left is-layout-constrained wp-container-core-group-is-layout-108afc9f wp-block-group-is-layout-constrained\" style=\"border-width:2px;border-radius:10px;padding-top:var(--wp--preset--spacing--x-small);padding-right:var(--wp--preset--spacing--2-x-small);padding-bottom:var(--wp--preset--spacing--x-small);padding-left:var(--wp--preset--spacing--2-x-small)\">\n<p style=\"line-height:0\"><strong>Du vendredi 3 au samedi 19 avril<\/strong><\/p>\n<\/div>\n\n\n\n<p>Une Histoire \u00e0 Malakoff n\u2019existerait pas sans son rendez-vous d\u00e9sormais classique&nbsp;: l\u2019art qui s\u2019invite dans les vitrines de vos commerces pr\u00e9f\u00e9r\u00e9s. Fl\u00e2nez de l\u2019un \u00e0 l\u2019autre pour d\u00e9couvrir les \u0153uvres dans toute la ville et profitez-en pour discuter avec les commer\u00e7ants et faire quelques emplettes.<\/p>\n\n\n\n<p>Venez d\u00e9couvrir les oeuvres de l&rsquo;\u00e9dition 2026.<\/p>\n<\/div>\n\n\n\n<div class=\"wp-block-column is-layout-flow wp-block-column-is-layout-flow\" style=\"flex-basis:33.33%\">\n<figure class=\"wp-block-image size-full\"><img data-recalc-dims=\"1\" loading=\"lazy\" decoding=\"async\" width=\"871\" height=\"1219\" src=\"https:\/\/i0.wp.com\/unehistoireamalakoff.org\/wp-content\/uploads\/2026\/03\/VF-ALICE-DE-LAUTRE-COTE-DU-MIROIR-AFFICHE-2026-2-01.png?resize=871%2C1219&#038;ssl=1\" alt=\"\" class=\"wp-image-4176\" srcset=\"https:\/\/i0.wp.com\/unehistoireamalakoff.org\/wp-content\/uploads\/2026\/03\/VF-ALICE-DE-LAUTRE-COTE-DU-MIROIR-AFFICHE-2026-2-01.png?w=871&amp;ssl=1 871w, https:\/\/i0.wp.com\/unehistoireamalakoff.org\/wp-content\/uploads\/2026\/03\/VF-ALICE-DE-LAUTRE-COTE-DU-MIROIR-AFFICHE-2026-2-01.png?resize=214%2C300&amp;ssl=1 214w, https:\/\/i0.wp.com\/unehistoireamalakoff.org\/wp-content\/uploads\/2026\/03\/VF-ALICE-DE-LAUTRE-COTE-DU-MIROIR-AFFICHE-2026-2-01.png?resize=732%2C1024&amp;ssl=1 732w, https:\/\/i0.wp.com\/unehistoireamalakoff.org\/wp-content\/uploads\/2026\/03\/VF-ALICE-DE-LAUTRE-COTE-DU-MIROIR-AFFICHE-2026-2-01.png?resize=768%2C1075&amp;ssl=1 768w\" sizes=\"auto, (max-width: 871px) 100vw, 871px\" \/><\/figure>\n<\/div>\n<\/div>\n\n\n\n<div style=\"height:30px\" aria-hidden=\"true\" class=\"wp-block-spacer\"><\/div>\n\n\n\n<p>Les artistes :<\/p>\n\n\n\n<div class=\"wp-block-buttons is-layout-flex wp-block-buttons-is-layout-flex\">\n<div class=\"wp-block-button\"><a class=\"wp-block-button__link has-inherit-background-color has-background wp-element-button\" href=\"#AliceDidierChampagne\">Alice Didier Champagne<\/a><\/div>\n\n\n\n<div class=\"wp-block-button\"><a class=\"wp-block-button__link has-inherit-background-color has-background wp-element-button\" href=\"#BeatricePini\">Beatrice Pini<\/a><\/div>\n\n\n\n<div class=\"wp-block-button\"><a class=\"wp-block-button__link has-inherit-background-color has-background wp-element-button\" href=\"#ClaireCampagnolle\">Claire Campagnolle<\/a><\/div>\n\n\n\n<div class=\"wp-block-button\"><a class=\"wp-block-button__link has-inherit-background-color has-background wp-element-button\" href=\"#ClaudineLeGoc\">Claudine Le Goc<\/a><\/div>\n\n\n\n<div class=\"wp-block-button\"><a class=\"wp-block-button__link has-inherit-background-color has-background wp-element-button\" href=\"#Defn\u00e9\u00c7etin\">Defn\u00e9 \u00c7etin<\/a><\/div>\n\n\n\n<div class=\"wp-block-button\"><a class=\"wp-block-button__link has-inherit-background-color has-background wp-element-button\" href=\"#Fran\u00e7oisCharfe\">Fran\u00e7ois Charfe<\/a><\/div>\n\n\n\n<div class=\"wp-block-button\"><a class=\"wp-block-button__link has-inherit-background-color has-background wp-element-button\" href=\"#JacquesSudre\">Jacques Sudre<\/a><\/div>\n\n\n\n<div class=\"wp-block-button\"><a class=\"wp-block-button__link has-inherit-background-color has-background wp-element-button\" href=\"#InkyShade\">InkyShade<\/a><\/div>\n\n\n\n<div class=\"wp-block-button\"><a class=\"wp-block-button__link has-inherit-background-color has-background wp-element-button\" href=\"#JulietteXRay\">Juliette X Ray<\/a><\/div>\n\n\n\n<div class=\"wp-block-button\"><a class=\"wp-block-button__link has-inherit-background-color has-background wp-element-button\" href=\"#Vestige\">Vestige<\/a><\/div>\n\n\n\n<div class=\"wp-block-button\"><a class=\"wp-block-button__link has-inherit-background-color has-background wp-element-button\" href=\"#SophieBarbier\">Sophie Barbier<\/a><\/div>\n\n\n\n<div class=\"wp-block-button\"><a class=\"wp-block-button__link has-inherit-background-color has-background wp-element-button\" href=\"#StellaSimonpaoli\">Stella Simonpaoli<\/a><\/div>\n\n\n\n<div class=\"wp-block-button\"><a class=\"wp-block-button__link has-inherit-background-color has-background wp-element-button\" href=\"#Kanine\">Kanine<\/a><\/div>\n<\/div>\n\n\n\n<div style=\"height:40px\" aria-hidden=\"true\" class=\"wp-block-spacer\"><\/div>\n\n\n\n<div id=\"AliceDidierChampagne\" class=\"wp-block-group has-global-padding is-layout-constrained wp-container-core-group-is-layout-0e019bdb wp-block-group-is-layout-constrained\" style=\"border-width:1px;border-radius:10px;margin-top:0;margin-bottom:0;padding-top:var(--wp--preset--spacing--small);padding-right:0;padding-bottom:var(--wp--preset--spacing--small);padding-left:0\">\n<div class=\"wp-block-group has-global-padding is-layout-constrained wp-block-group-is-layout-constrained\"><h2 class=\"wp-block-heading has-text-align-center has-inherit-color has-text-color has-link-color wp-elements-61a81f56055bb069dce2989a49c97dd1\" id=\"alice-didier-champagne\"><a href=\"https:\/\/www.instagram.com\/alicedidierchampagne?igsh=MXVmYmVmcDlrcWVlOA==\">Alice Didier Champagne<\/a><\/h2>\n<\/div>\n\n\n\n<div class=\"wp-block-columns is-layout-flex wp-container-core-columns-is-layout-28f84493 wp-block-columns-is-layout-flex\">\n<div class=\"wp-block-column is-layout-flow wp-block-column-is-layout-flow\"><h3 class=\"wp-block-heading\" id=\"diffraction\">Diffraction<\/h3>\n\n\n\n<p>40&#215;50 cm<\/p>\n\n\n\n<p>2026<\/p>\n\n\n\n<p style=\"line-height:0\">300 \u20ac<\/p>\n<\/div>\n\n\n\n<div class=\"wp-block-column is-layout-flow wp-block-column-is-layout-flow\">\n<figure class=\"wp-block-image size-large\"><img data-recalc-dims=\"1\" loading=\"lazy\" decoding=\"async\" width=\"1024\" height=\"680\" src=\"https:\/\/i0.wp.com\/unehistoireamalakoff.org\/wp-content\/uploads\/2026\/03\/NUAGE_CIELNB_30X45.jpg?resize=1024%2C680&#038;ssl=1\" alt=\"\" class=\"wp-image-4177\" srcset=\"https:\/\/i0.wp.com\/unehistoireamalakoff.org\/wp-content\/uploads\/2026\/03\/NUAGE_CIELNB_30X45-scaled.jpg?resize=1024%2C680&amp;ssl=1 1024w, https:\/\/i0.wp.com\/unehistoireamalakoff.org\/wp-content\/uploads\/2026\/03\/NUAGE_CIELNB_30X45-scaled.jpg?resize=300%2C199&amp;ssl=1 300w, https:\/\/i0.wp.com\/unehistoireamalakoff.org\/wp-content\/uploads\/2026\/03\/NUAGE_CIELNB_30X45-scaled.jpg?resize=768%2C510&amp;ssl=1 768w, https:\/\/i0.wp.com\/unehistoireamalakoff.org\/wp-content\/uploads\/2026\/03\/NUAGE_CIELNB_30X45-scaled.jpg?resize=1536%2C1020&amp;ssl=1 1536w, https:\/\/i0.wp.com\/unehistoireamalakoff.org\/wp-content\/uploads\/2026\/03\/NUAGE_CIELNB_30X45-scaled.jpg?resize=2048%2C1360&amp;ssl=1 2048w\" sizes=\"auto, (max-width: 1000px) 100vw, 1000px\" \/><\/figure>\n<\/div>\n<\/div>\n\n\n\n<details class=\"wp-block-details is-layout-flow wp-block-details-is-layout-flow\"><summary>En savoir plus<\/summary>\n<div class=\"wp-block-columns is-layout-flex wp-container-core-columns-is-layout-28f84493 wp-block-columns-is-layout-flex\">\n<div class=\"wp-block-column is-layout-flow wp-block-column-is-layout-flow\">\n<details class=\"wp-block-details has-neutral-400-background-color has-background is-layout-flow wp-block-details-is-layout-flow\"><summary>Qui es-tu ?<\/summary>\n<div class=\"wp-block-columns is-layout-flex wp-container-core-columns-is-layout-28f84493 wp-block-columns-is-layout-flex\">\n<div class=\"wp-block-column is-layout-flow wp-block-column-is-layout-flow\">\n<p><em>Artiste plasticienne multidisciplinaire, mon travail prend appui sur les notions d\u2019image, de paysage<\/em><\/p>\n\n\n\n<p><em>et de g\u00e9ographie, comme espaces d\u2019exploration. Ces notions constituent le socle d\u2019une recherche<\/em><\/p>\n\n\n\n<p><em>o\u00f9 s\u2019entrelacent observation, pr\u00e9l\u00e8vement et transformation du r\u00e9el.<\/em><\/p>\n\n\n\n<p><em>Ainsi, j\u2019interroge les zones de porosit\u00e9 entre fiction et r\u00e9alit\u00e9. \u00c0 partir de fragments collect\u00e9s, je<\/em><\/p>\n\n\n\n<p><em>mets en tension ce qui est per\u00e7u et ce qui est projet\u00e9, afin de d\u00e9placer notre regard et d\u2019en r\u00e9v\u00e9ler<\/em><\/p>\n\n\n\n<p><em>les constructions.<\/em><\/p>\n\n\n\n<p><em>Inscrite dans une approche sensible, \u00e0 la crois\u00e9e de la po\u00e9sie et de l\u2019\u00e9cologie, ma d\u00e9marche<\/em><\/p>\n\n\n\n<p><em>s\u2019attache aux relations entre les formes, les milieux et leurs transformations.<\/em><\/p>\n\n\n\n<p><em>Dans une logique d\u2019hybridation et de circulation, ma pratique se d\u00e9ploie \u00e0 travers diff\u00e9rents m\u00e9diums<\/em><\/p>\n\n\n\n<p><em>\u2014 photographie, dessin, peinture, sculpture et installation.<\/em><\/p>\n<\/div>\n<\/div>\n<\/details>\n<\/div>\n<\/div>\n\n\n\n<details class=\"wp-block-details has-neutral-400-background-color has-background is-layout-flow wp-block-details-is-layout-flow\"><summary>Pourquoi avoir rejoint le projet ?<\/summary>\n<div class=\"wp-block-columns is-layout-flex wp-container-core-columns-is-layout-28f84493 wp-block-columns-is-layout-flex\">\n<div class=\"wp-block-column is-layout-flow wp-block-column-is-layout-flow\">\n<p><em>Je trouvais tr\u00e8s int\u00e9ressant de pouvoir participer \u00e0 une expo itin\u00e9rante, qui engage le spectateur \u00e0<\/em><\/p>\n\n\n\n<p><em>se d\u00e9placer dans les diff\u00e9rents lieux insolites pour d\u00e9couvrir l\u2019ensemble de l\u2019exposition. Le th\u00e8me<\/em><\/p>\n\n\n\n<p><em>de L\u2019autre c\u00f4t\u00e9 du miroir propos\u00e9 par Une Histoire \u00e0 Malakoff entrait fortement en r\u00e9sonance avec<\/em><\/p>\n\n\n\n<p><em>mes procurations plastiques.<\/em><\/p>\n<\/div>\n<\/div>\n<\/details>\n\n\n\n<details class=\"wp-block-details has-neutral-400-background-color has-background is-layout-flow wp-block-details-is-layout-flow\"><summary>Pour toi Alice de l&rsquo;autre c\u00f4t\u00e9 du miroir en 3 mots, c&rsquo;est ?<\/summary>\n<div class=\"wp-block-columns is-layout-flex wp-container-core-columns-is-layout-28f84493 wp-block-columns-is-layout-flex\">\n<div class=\"wp-block-column is-layout-flow wp-block-column-is-layout-flow\">\n<p><em>Reflets<\/em><\/p>\n\n\n\n<p><em>Inversion<\/em><\/p>\n\n\n\n<p><em>Espace-temps<\/em><\/p>\n<\/div>\n<\/div>\n<\/details>\n\n\n\n<details class=\"wp-block-details has-neutral-400-background-color has-background is-layout-flow wp-block-details-is-layout-flow\"><summary>Quel est ton personnage pr\u00e9f\u00e9r\u00e9 ?<\/summary>\n<div class=\"wp-block-columns is-layout-flex wp-container-core-columns-is-layout-28f84493 wp-block-columns-is-layout-flex\">\n<div class=\"wp-block-column is-layout-flow wp-block-column-is-layout-flow\">\n<p><em>Le miroir ou le r\u00eave du roi rouge<\/em><\/p>\n<\/div>\n<\/div>\n<\/details>\n\n\n\n<details class=\"wp-block-details has-neutral-400-background-color has-background is-layout-flow wp-block-details-is-layout-flow\"><summary>Comment peut-on te suivre, te contacter ?<\/summary>\n<div class=\"wp-block-columns is-layout-flex wp-container-core-columns-is-layout-28f84493 wp-block-columns-is-layout-flex\">\n<div class=\"wp-block-column is-layout-flow wp-block-column-is-layout-flow\">\n<p class=\"has-inherit-color has-text-color has-link-color wp-elements-8c5321a28ae5e52d55dfec842b3da231\" style=\"line-height:0\"><em>Mail : alicedidierchampagne@gmail.com<\/em><\/p>\n\n\n\n<p style=\"line-height:0\"><em>Insta : @alicedidierchampagne<\/em><\/p>\n<\/div>\n<\/div>\n<\/details>\n<\/details>\n<\/div>\n\n\n\n<div style=\"height:30px\" aria-hidden=\"true\" class=\"wp-block-spacer\"><\/div>\n\n\n\n<div id=\"BeatricePini\" class=\"wp-block-group has-global-padding is-layout-constrained wp-container-core-group-is-layout-0e019bdb wp-block-group-is-layout-constrained\" style=\"border-width:1px;border-radius:10px;margin-top:0;margin-bottom:0;padding-top:var(--wp--preset--spacing--small);padding-right:0;padding-bottom:var(--wp--preset--spacing--small);padding-left:0\">\n<div class=\"wp-block-group has-global-padding is-layout-constrained wp-block-group-is-layout-constrained\">\n<div class=\"wp-block-group has-global-padding is-layout-constrained wp-block-group-is-layout-constrained\"><h2 class=\"wp-block-heading has-text-align-center has-inherit-color has-text-color has-link-color wp-elements-5398abb7e000ae50afddaf29c725fc88\" id=\"beatrice-pini\"><a href=\"#Beatrice%20Pini\">Beatrice Pini<\/a><\/h2>\n<\/div>\n<\/div>\n\n\n\n<div class=\"wp-block-columns is-layout-flex wp-container-core-columns-is-layout-28f84493 wp-block-columns-is-layout-flex\">\n<div class=\"wp-block-column is-layout-flow wp-block-column-is-layout-flow\"><h3 class=\"wp-block-heading\" id=\"alice-et-lewisc2a0\">Alice et Lewis&nbsp;<\/h3>\n\n\n\n<p style=\"line-height:0\">Photographie&nbsp;<\/p>\n\n\n\n<p>A3 ou A4 ou Format carr\u00e9&nbsp;<\/p>\n\n\n\n<p>Mars 2026&nbsp;<\/p>\n\n\n\n<p>65 euros&nbsp;<\/p>\n<\/div>\n\n\n\n<div class=\"wp-block-column is-layout-flow wp-block-column-is-layout-flow\">\n<figure class=\"wp-block-image size-full\"><img data-recalc-dims=\"1\" loading=\"lazy\" decoding=\"async\" width=\"2000\" height=\"2560\" src=\"https:\/\/i0.wp.com\/unehistoireamalakoff.org\/wp-content\/uploads\/2026\/03\/Lewis-et-Alice-scaled.jpg?resize=2000%2C2560&#038;ssl=1\" alt=\"\" class=\"wp-image-4178\" srcset=\"https:\/\/i0.wp.com\/unehistoireamalakoff.org\/wp-content\/uploads\/2026\/03\/Lewis-et-Alice-scaled.jpg?w=2000&amp;ssl=1 2000w, https:\/\/i0.wp.com\/unehistoireamalakoff.org\/wp-content\/uploads\/2026\/03\/Lewis-et-Alice-scaled.jpg?resize=234%2C300&amp;ssl=1 234w, https:\/\/i0.wp.com\/unehistoireamalakoff.org\/wp-content\/uploads\/2026\/03\/Lewis-et-Alice-scaled.jpg?resize=800%2C1024&amp;ssl=1 800w, https:\/\/i0.wp.com\/unehistoireamalakoff.org\/wp-content\/uploads\/2026\/03\/Lewis-et-Alice-scaled.jpg?resize=768%2C983&amp;ssl=1 768w, https:\/\/i0.wp.com\/unehistoireamalakoff.org\/wp-content\/uploads\/2026\/03\/Lewis-et-Alice-scaled.jpg?resize=1200%2C1536&amp;ssl=1 1200w, https:\/\/i0.wp.com\/unehistoireamalakoff.org\/wp-content\/uploads\/2026\/03\/Lewis-et-Alice-scaled.jpg?resize=1600%2C2048&amp;ssl=1 1600w\" sizes=\"auto, (max-width: 1000px) 100vw, 1000px\" \/><\/figure>\n<\/div>\n<\/div>\n\n\n\n<details class=\"wp-block-details is-layout-flow wp-block-details-is-layout-flow\"><summary>En savoir plus<\/summary>\n<div class=\"wp-block-columns is-layout-flex wp-container-core-columns-is-layout-28f84493 wp-block-columns-is-layout-flex\">\n<div class=\"wp-block-column is-layout-flow wp-block-column-is-layout-flow\">\n<details class=\"wp-block-details has-neutral-400-background-color has-background is-layout-flow wp-block-details-is-layout-flow\"><summary>Qui es-tu ?<\/summary>\n<div class=\"wp-block-columns is-layout-flex wp-container-core-columns-is-layout-28f84493 wp-block-columns-is-layout-flex\">\n<div class=\"wp-block-column is-layout-flow wp-block-column-is-layout-flow\">\n<p>Je suis enseignante. En octobre 2025, je me suis inscrite au club photo de Malakoff. J\u2019ai d\u00e9couvert le Festival UHAM par le club.&nbsp;<\/p>\n<\/div>\n<\/div>\n<\/details>\n<\/div>\n<\/div>\n\n\n\n<details class=\"wp-block-details has-neutral-400-background-color has-background is-layout-flow wp-block-details-is-layout-flow\"><summary>Pourquoi avoir rejoint le projet ?<\/summary>\n<div class=\"wp-block-columns is-layout-flex wp-container-core-columns-is-layout-28f84493 wp-block-columns-is-layout-flex\">\n<div class=\"wp-block-column is-layout-flow wp-block-column-is-layout-flow\">\n<p>J\u2019ai trouv\u00e9 tr\u00e8s interessante l\u2019id\u00e9e de proposer un th\u00e8me dans une ville, que des artistes, ou photographes puissent proposer des oeuvres cr\u00e9\u00e9es pour l\u2019occasion, et que ces oeuvres soient ensuite r\u00e9parties chez des commer\u00e7ants (ou autres lieux de la ville).&nbsp;<\/p>\n<\/div>\n<\/div>\n<\/details>\n\n\n\n<details class=\"wp-block-details has-neutral-400-background-color has-background is-layout-flow wp-block-details-is-layout-flow\"><summary>Pour toi Alice de l&rsquo;autre c\u00f4t\u00e9 du miroir en 3 mots, c&rsquo;est ?<\/summary>\n<div class=\"wp-block-columns is-layout-flex wp-container-core-columns-is-layout-28f84493 wp-block-columns-is-layout-flex\">\n<div class=\"wp-block-column is-layout-flow wp-block-column-is-layout-flow\">\n<p>R\u00eaves, Imaginaire, Questionnements&nbsp;<\/p>\n<\/div>\n<\/div>\n<\/details>\n\n\n\n<details class=\"wp-block-details has-neutral-400-background-color has-background is-layout-flow wp-block-details-is-layout-flow\"><summary>Quel est ton personnage pr\u00e9f\u00e9r\u00e9 ?<\/summary>\n<div class=\"wp-block-columns is-layout-flex wp-container-core-columns-is-layout-28f84493 wp-block-columns-is-layout-flex\">\n<div class=\"wp-block-column is-layout-flow wp-block-column-is-layout-flow\">\n<p>Alice&nbsp;<\/p>\n<\/div>\n<\/div>\n<\/details>\n\n\n\n<details class=\"wp-block-details has-neutral-400-background-color has-background is-layout-flow wp-block-details-is-layout-flow\"><summary>Comment peut-on te suivre, te contacter ?<\/summary>\n<div class=\"wp-block-columns is-layout-flex wp-container-core-columns-is-layout-28f84493 wp-block-columns-is-layout-flex\">\n<div class=\"wp-block-column is-layout-flow wp-block-column-is-layout-flow\">\n<p>Je suis seulement inscrite au club photo de Malakoff. Je n\u2019ai pas de site Internet o\u00f9 je publie mes photos. <\/p>\n\n\n\n<p>Mon mail : beatrice.pini@free.fr <\/p>\n\n\n\n<p>Mon t\u00e9l. : 06 74 62 86 29&nbsp;<\/p>\n<\/div>\n<\/div>\n<\/details>\n<\/details>\n<\/div>\n\n\n\n<div style=\"height:30px\" aria-hidden=\"true\" class=\"wp-block-spacer\"><\/div>\n\n\n\n<div id=\"ClaireCampagnolle\" class=\"wp-block-group has-global-padding is-layout-constrained wp-container-core-group-is-layout-0e019bdb wp-block-group-is-layout-constrained\" style=\"border-width:1px;border-radius:10px;margin-top:0;margin-bottom:0;padding-top:var(--wp--preset--spacing--small);padding-right:0;padding-bottom:var(--wp--preset--spacing--small);padding-left:0\">\n<div class=\"wp-block-group has-global-padding is-layout-constrained wp-block-group-is-layout-constrained\">\n<div class=\"wp-block-group has-global-padding is-layout-constrained wp-block-group-is-layout-constrained\"><h2 class=\"wp-block-heading has-text-align-center has-neutral-950-color has-text-color has-link-color wp-elements-81adc4411b37f3b9f415e0f0da0d4fab\" id=\"claire-campagnolle\"><a href=\"https:\/\/www.instagram.com\/ateliercampagnolle?igsh=amFvMzRjbXplbHhi\">Claire Campagnolle<\/a><\/h2>\n<\/div>\n<\/div>\n\n\n\n<div class=\"wp-block-columns is-layout-flex wp-container-core-columns-is-layout-28f84493 wp-block-columns-is-layout-flex\">\n<div class=\"wp-block-column is-layout-flow wp-block-column-is-layout-flow\"><h3 class=\"wp-block-heading\" id=\"la-traverse-de-lechiquier\">La travers&eacute; de l&rsquo;&eacute;chiquier <\/h3>\n\n\n\n<p style=\"line-height:0\">11&#215;22,5&#215;18,5 cm<\/p>\n\n\n\n<p>28\/03\/2026<\/p>\n\n\n\n<p style=\"line-height:0\">60 \u20ac<\/p>\n<\/div>\n\n\n\n<div class=\"wp-block-column is-layout-flow wp-block-column-is-layout-flow\">\n<figure class=\"wp-block-image size-large\"><img data-recalc-dims=\"1\" loading=\"lazy\" decoding=\"async\" width=\"472\" height=\"1024\" src=\"https:\/\/i0.wp.com\/unehistoireamalakoff.org\/wp-content\/uploads\/2026\/03\/IMG_20260323_000456.jpg?resize=472%2C1024&#038;ssl=1\" alt=\"\" class=\"wp-image-4181\" srcset=\"https:\/\/i0.wp.com\/unehistoireamalakoff.org\/wp-content\/uploads\/2026\/03\/IMG_20260323_000456-scaled.jpg?resize=472%2C1024&amp;ssl=1 472w, https:\/\/i0.wp.com\/unehistoireamalakoff.org\/wp-content\/uploads\/2026\/03\/IMG_20260323_000456-scaled.jpg?resize=138%2C300&amp;ssl=1 138w, https:\/\/i0.wp.com\/unehistoireamalakoff.org\/wp-content\/uploads\/2026\/03\/IMG_20260323_000456-scaled.jpg?resize=768%2C1666&amp;ssl=1 768w, https:\/\/i0.wp.com\/unehistoireamalakoff.org\/wp-content\/uploads\/2026\/03\/IMG_20260323_000456-scaled.jpg?resize=708%2C1536&amp;ssl=1 708w, https:\/\/i0.wp.com\/unehistoireamalakoff.org\/wp-content\/uploads\/2026\/03\/IMG_20260323_000456-scaled.jpg?resize=944%2C2048&amp;ssl=1 944w, https:\/\/i0.wp.com\/unehistoireamalakoff.org\/wp-content\/uploads\/2026\/03\/IMG_20260323_000456-scaled.jpg?w=1180&amp;ssl=1 1180w\" sizes=\"auto, (max-width: 472px) 100vw, 472px\" \/><\/figure>\n<\/div>\n<\/div>\n\n\n\n<div style=\"height:10px\" aria-hidden=\"true\" class=\"wp-block-spacer\"><\/div>\n\n\n\n<details class=\"wp-block-details is-layout-flow wp-block-details-is-layout-flow\"><summary>En savoir plus<\/summary>\n<div class=\"wp-block-columns is-layout-flex wp-container-core-columns-is-layout-28f84493 wp-block-columns-is-layout-flex\">\n<div class=\"wp-block-column is-layout-flow wp-block-column-is-layout-flow\">\n<details class=\"wp-block-details has-neutral-400-background-color has-background is-layout-flow wp-block-details-is-layout-flow\"><summary>Qui es-tu ?<\/summary>\n<div class=\"wp-block-columns is-layout-flex wp-container-core-columns-is-layout-28f84493 wp-block-columns-is-layout-flex\">\n<div class=\"wp-block-column is-layout-flow wp-block-column-is-layout-flow\">\n<p>Je m\u2019appelle Claire Campagnolle, j\u2019ai 30 ans et je suis restauratrice de mobilier ancien. Je suis r\u00e9sidente du Toboggan depuis son ouverture en janvier 2025.&nbsp;<\/p>\n<\/div>\n<\/div>\n<\/details>\n<\/div>\n<\/div>\n\n\n\n<details class=\"wp-block-details has-neutral-400-background-color has-background is-layout-flow wp-block-details-is-layout-flow\"><summary>Pourquoi avoir rejoint le projet ?<\/summary>\n<div class=\"wp-block-columns is-layout-flex wp-container-core-columns-is-layout-28f84493 wp-block-columns-is-layout-flex\">\n<div class=\"wp-block-column is-layout-flow wp-block-column-is-layout-flow\">\n<p>J\u2019aime l\u2019id\u00e9e de faire travailler des artistes et des artisan\u00b7es sur un m\u00eame th\u00e8me en les laissant proposer une interpr\u00e9tation sur le mat\u00e9riau d\u2019origine. C\u2019est \u00e9galement un d\u00e9fipour moi de pr\u00e9senter une cr\u00e9ation artistique diff\u00e9rente de mon domaine d\u2019expertise.&nbsp;<\/p>\n<\/div>\n<\/div>\n<\/details>\n\n\n\n<details class=\"wp-block-details has-neutral-400-background-color has-background is-layout-flow wp-block-details-is-layout-flow\"><summary>Pour toi Alice de l&rsquo;autre c\u00f4t\u00e9 du miroir en 3 mots, c&rsquo;est ?<\/summary>\n<div class=\"wp-block-columns is-layout-flex wp-container-core-columns-is-layout-28f84493 wp-block-columns-is-layout-flex\">\n<div class=\"wp-block-column is-layout-flow wp-block-column-is-layout-flow\">\n<p>&nbsp;Bizarre&nbsp;<\/p>\n\n\n\n<p>Onirique&nbsp;<\/p>\n\n\n\n<p>Retournement&nbsp;<\/p>\n<\/div>\n<\/div>\n<\/details>\n\n\n\n<details class=\"wp-block-details has-neutral-400-background-color has-background is-layout-flow wp-block-details-is-layout-flow\"><summary>Quel est ton personnage pr\u00e9f\u00e9r\u00e9 ?<\/summary>\n<div class=\"wp-block-columns is-layout-flex wp-container-core-columns-is-layout-28f84493 wp-block-columns-is-layout-flex\">\n<div class=\"wp-block-column is-layout-flow wp-block-column-is-layout-flow\">\n<p>Le Cavalier Blanc&nbsp;<\/p>\n<\/div>\n<\/div>\n<\/details>\n\n\n\n<details class=\"wp-block-details has-neutral-400-background-color has-background is-layout-flow wp-block-details-is-layout-flow\"><summary>Comment peut-on te suivre, te contacter ?<\/summary>\n<div class=\"wp-block-columns is-layout-flex wp-container-core-columns-is-layout-28f84493 wp-block-columns-is-layout-flex\">\n<div class=\"wp-block-column is-layout-flow wp-block-column-is-layout-flow\">\n<p>Par t\u00e9l\u00e9phone au 0659587696&nbsp;<\/p>\n\n\n\n<p>Par mail claire.campagnolle@gmail.com&nbsp;<\/p>\n\n\n\n<p>Par Instagram @caldrana ou @ateliercampagnolle&nbsp;<\/p>\n\n\n\n<p>Au Toboggan, 11 avenue du pr\u00e9sident Wilson, 92240 Malakoff<\/p>\n<\/div>\n<\/div>\n<\/details>\n<\/details>\n<\/div>\n\n\n\n<div style=\"height:30px\" aria-hidden=\"true\" class=\"wp-block-spacer\"><\/div>\n\n\n\n<div id=\"ClaudineLeGoc\" class=\"wp-block-group has-global-padding is-layout-constrained wp-container-core-group-is-layout-0e019bdb wp-block-group-is-layout-constrained\" style=\"border-width:1px;border-radius:10px;margin-top:0;margin-bottom:0;padding-top:var(--wp--preset--spacing--small);padding-right:0;padding-bottom:var(--wp--preset--spacing--small);padding-left:0\">\n<div class=\"wp-block-group has-global-padding is-layout-constrained wp-block-group-is-layout-constrained\"><h2 class=\"wp-block-heading has-text-align-center has-inherit-color has-text-color has-link-color wp-elements-c22f337b5c56a53ec093c138358ab9c0\" id=\"claudine-le-goc\"><a href=\"#Claudine%20Le%20Goc\">Claudine Le Goc<\/a><\/h2>\n<\/div>\n\n\n\n<div class=\"wp-block-columns is-layout-flex wp-container-core-columns-is-layout-28f84493 wp-block-columns-is-layout-flex\">\n<div class=\"wp-block-column is-layout-flow wp-block-column-is-layout-flow\"><h3 class=\"wp-block-heading\" id=\"poesie-de-linstant-alice\">Po&eacute;sie de l&rsquo;instant : Alice<\/h3>\n\n\n\n<p style=\"line-height:0\">Photographie + Po\u00e8me<\/p>\n\n\n\n<p>Format A3<\/p>\n\n\n\n<p>2023<\/p>\n\n\n\n<p>40 \u20ac<\/p>\n<\/div>\n\n\n\n<div class=\"wp-block-column is-layout-flow wp-block-column-is-layout-flow\">\n<figure class=\"wp-block-image size-full\"><img data-recalc-dims=\"1\" decoding=\"async\" src=\"https:\/\/i0.wp.com\/unehistoireamalakoff.org\/wp-content\/uploads\/2026\/03\/Alice-Claudine-Le-Goc.jpg?ssl=1\" alt=\"\" class=\"wp-image-4187\"\/><\/figure>\n<\/div>\n<\/div>\n\n\n\n<details class=\"wp-block-details is-layout-flow wp-block-details-is-layout-flow\"><summary>En savoir plus<\/summary>\n<div class=\"wp-block-columns is-layout-flex wp-container-core-columns-is-layout-28f84493 wp-block-columns-is-layout-flex\">\n<div class=\"wp-block-column is-layout-flow wp-block-column-is-layout-flow\">\n<details class=\"wp-block-details has-neutral-400-background-color has-background is-layout-flow wp-block-details-is-layout-flow\"><summary>Qui es-tu ?<\/summary>\n<div class=\"wp-block-columns is-layout-flex wp-container-core-columns-is-layout-28f84493 wp-block-columns-is-layout-flex\">\n<div class=\"wp-block-column is-layout-flow wp-block-column-is-layout-flow\">\n<p>Femme photographe et  po\u00e8te amateur.<\/p>\n<\/div>\n<\/div>\n<\/details>\n<\/div>\n<\/div>\n\n\n\n<details class=\"wp-block-details has-neutral-400-background-color has-background is-layout-flow wp-block-details-is-layout-flow\"><summary>Pourquoi avoir rejoint le projet ?<\/summary>\n<div class=\"wp-block-columns is-layout-flex wp-container-core-columns-is-layout-28f84493 wp-block-columns-is-layout-flex\">\n<div class=\"wp-block-column is-layout-flow wp-block-column-is-layout-flow\">\n<p>J&rsquo;aime faire des photos avec reflets flaque et miroir Alice de l&rsquo;autre c\u00f4t\u00e9 du miroir, plongeant dans un monde imaginaire. Cr\u00e9ation d&rsquo;un texte en lien avec la photographie choisis.<\/p>\n<\/div>\n<\/div>\n<\/details>\n\n\n\n<details class=\"wp-block-details has-neutral-400-background-color has-background is-layout-flow wp-block-details-is-layout-flow\"><summary>Pour toi Alice de l&rsquo;autre c\u00f4t\u00e9 du miroir en 3 mots, c&rsquo;est ?<\/summary>\n<div class=\"wp-block-columns is-layout-flex wp-container-core-columns-is-layout-28f84493 wp-block-columns-is-layout-flex\">\n<div class=\"wp-block-column is-layout-flow wp-block-column-is-layout-flow\">\n<p>Une personne dans l&rsquo;espace public qui peut nous entra\u00eener sans le savoir dans une r\u00eaverie po\u00e9tique, une parenth\u00e8se dans notre quotidien, une attention flou port\u00e9e dans son environnement.<\/p>\n<\/div>\n<\/div>\n<\/details>\n\n\n\n<details class=\"wp-block-details has-neutral-400-background-color has-background is-layout-flow wp-block-details-is-layout-flow\"><summary>Quel est ton personnage pr\u00e9f\u00e9r\u00e9 ?<\/summary>\n<div class=\"wp-block-columns is-layout-flex wp-container-core-columns-is-layout-28f84493 wp-block-columns-is-layout-flex\">\n<div class=\"wp-block-column is-layout-flow wp-block-column-is-layout-flow\">\n<p>Alice et le Lapin<\/p>\n<\/div>\n<\/div>\n<\/details>\n\n\n\n<details class=\"wp-block-details has-neutral-400-background-color has-background is-layout-flow wp-block-details-is-layout-flow\"><summary>Comment peut-on te suivre, te contacter ?<\/summary>\n<div class=\"wp-block-columns is-layout-flex wp-container-core-columns-is-layout-28f84493 wp-block-columns-is-layout-flex\">\n<div class=\"wp-block-column is-layout-flow wp-block-column-is-layout-flow\">\n<p style=\"line-height:0\">kerlaten@hotmail.fr<\/p>\n<\/div>\n<\/div>\n<\/details>\n<\/details>\n<\/div>\n\n\n\n<div style=\"height:30px\" aria-hidden=\"true\" class=\"wp-block-spacer\"><\/div>\n\n\n\n<div id=\"Defn\u00e9\u00c7etin\" class=\"wp-block-group has-global-padding is-layout-constrained wp-container-core-group-is-layout-0e019bdb wp-block-group-is-layout-constrained\" style=\"border-width:1px;border-radius:10px;margin-top:0;margin-bottom:0;padding-top:var(--wp--preset--spacing--small);padding-right:0;padding-bottom:var(--wp--preset--spacing--small);padding-left:0\">\n<div class=\"wp-block-group has-global-padding is-layout-constrained wp-block-group-is-layout-constrained\">\n<div class=\"wp-block-group has-global-padding is-layout-constrained wp-block-group-is-layout-constrained\"><h2 class=\"wp-block-heading has-text-align-center has-inherit-color has-text-color has-link-color wp-elements-65af9dbc84336e3ebac630dfb641897a\" id=\"defne-cetin\"><a href=\"https:\/\/www.instagram.com\/defcetin?igsh=MWg0YzZpNjMzaXU1Mw==\">Defn&eacute; &Ccedil;etin<\/a><\/h2>\n<\/div>\n<\/div>\n\n\n\n<div class=\"wp-block-columns is-layout-flex wp-container-core-columns-is-layout-28f84493 wp-block-columns-is-layout-flex\">\n<div class=\"wp-block-column is-layout-flow wp-block-column-is-layout-flow\"><h3 class=\"wp-block-heading\" id=\"there-all-mad-in-here\">There All Mad In Here<\/h3>\n\n\n\n<p style=\"line-height:0\">Format A3 &#8211; Tirage Unique<\/p>\n\n\n\n<p>F\u00e9vrier 2026<\/p>\n\n\n\n<p>250 \u20ac<\/p>\n<\/div>\n\n\n\n<div class=\"wp-block-column is-layout-flow wp-block-column-is-layout-flow\">\n<figure class=\"wp-block-image size-full\"><img data-recalc-dims=\"1\" loading=\"lazy\" decoding=\"async\" width=\"1132\" height=\"1600\" src=\"https:\/\/i0.wp.com\/unehistoireamalakoff.org\/wp-content\/uploads\/2026\/03\/PHOTO-2026-03-25-07-49-55-2.jpg?resize=1132%2C1600&#038;ssl=1\" alt=\"\" class=\"wp-image-4193\" srcset=\"https:\/\/i0.wp.com\/unehistoireamalakoff.org\/wp-content\/uploads\/2026\/03\/PHOTO-2026-03-25-07-49-55-2.jpg?w=1132&amp;ssl=1 1132w, https:\/\/i0.wp.com\/unehistoireamalakoff.org\/wp-content\/uploads\/2026\/03\/PHOTO-2026-03-25-07-49-55-2.jpg?resize=212%2C300&amp;ssl=1 212w, https:\/\/i0.wp.com\/unehistoireamalakoff.org\/wp-content\/uploads\/2026\/03\/PHOTO-2026-03-25-07-49-55-2.jpg?resize=724%2C1024&amp;ssl=1 724w, https:\/\/i0.wp.com\/unehistoireamalakoff.org\/wp-content\/uploads\/2026\/03\/PHOTO-2026-03-25-07-49-55-2.jpg?resize=768%2C1086&amp;ssl=1 768w, https:\/\/i0.wp.com\/unehistoireamalakoff.org\/wp-content\/uploads\/2026\/03\/PHOTO-2026-03-25-07-49-55-2.jpg?resize=1087%2C1536&amp;ssl=1 1087w\" sizes=\"auto, (max-width: 1000px) 100vw, 1000px\" \/><\/figure>\n<\/div>\n<\/div>\n\n\n\n<div style=\"height:0px\" aria-hidden=\"true\" class=\"wp-block-spacer\"><\/div>\n\n\n\n<details class=\"wp-block-details is-layout-flow wp-block-details-is-layout-flow\"><summary>En savoir plus<\/summary>\n<div class=\"wp-block-columns is-layout-flex wp-container-core-columns-is-layout-28f84493 wp-block-columns-is-layout-flex\">\n<div class=\"wp-block-column is-layout-flow wp-block-column-is-layout-flow\">\n<details class=\"wp-block-details has-neutral-400-background-color has-background is-layout-flow wp-block-details-is-layout-flow\"><summary>Qui es-tu ?<\/summary>\n<div class=\"wp-block-columns is-layout-flex wp-container-core-columns-is-layout-28f84493 wp-block-columns-is-layout-flex\">\n<div class=\"wp-block-column is-layout-flow wp-block-column-is-layout-flow\">\n<p>Salut ! Je suis Defn\u00e9 \u00c7etin, je dessine, peint et sculpte des trucs color\u00e9s en \u00e9coutant des chansons en boucle (rest in pepperoni les oreilles des voisins) &#8211; souvent issues du mouvement punks et de ses d\u00e9riv\u00e9s.<br><\/p>\n<\/div>\n<\/div>\n<\/details>\n<\/div>\n<\/div>\n\n\n\n<details class=\"wp-block-details has-neutral-400-background-color has-background is-layout-flow wp-block-details-is-layout-flow\"><summary>Pourquoi avoir rejoint le projet ?<\/summary>\n<div class=\"wp-block-columns is-layout-flex wp-container-core-columns-is-layout-28f84493 wp-block-columns-is-layout-flex\">\n<div class=\"wp-block-column is-layout-flow wp-block-column-is-layout-flow\">\n<p>J\u2019ai rejoint le projet car tout l\u2019univers d\u2019Alice m\u2019int\u00e9resse, rien ne semble avoir de sens &#8211; un peu comme dans la vraie vie, finalement.&nbsp;<\/p>\n<\/div>\n<\/div>\n<\/details>\n\n\n\n<details class=\"wp-block-details has-neutral-400-background-color has-background is-layout-flow wp-block-details-is-layout-flow\"><summary>Pour toi Alice de l&rsquo;autre c\u00f4t\u00e9 du miroir en 3 mots, c&rsquo;est ?<\/summary>\n<div class=\"wp-block-columns is-layout-flex wp-container-core-columns-is-layout-28f84493 wp-block-columns-is-layout-flex\">\n<div class=\"wp-block-column is-layout-flow wp-block-column-is-layout-flow\">\n<p>HUMPTY DUMPTY MACARONI<\/p>\n<\/div>\n<\/div>\n<\/details>\n\n\n\n<details class=\"wp-block-details has-neutral-400-background-color has-background is-layout-flow wp-block-details-is-layout-flow\"><summary>Quel est ton personnage pr\u00e9f\u00e9r\u00e9 ?<\/summary>\n<div class=\"wp-block-columns is-layout-flex wp-container-core-columns-is-layout-28f84493 wp-block-columns-is-layout-flex\">\n<div class=\"wp-block-column is-layout-flow wp-block-column-is-layout-flow\">\n<p>Je pense que c\u2019est Humpty Dumpty, sa t\u00eate d\u2019\u0153uf et sa r\u00e9partie brutale m\u2019amusent.&nbsp;<\/p>\n<\/div>\n<\/div>\n<\/details>\n\n\n\n<details class=\"wp-block-details has-neutral-400-background-color has-background is-layout-flow wp-block-details-is-layout-flow\"><summary>Comment peut-on te suivre, te contacter ?<\/summary>\n<div class=\"wp-block-columns is-layout-flex wp-container-core-columns-is-layout-28f84493 wp-block-columns-is-layout-flex\">\n<div class=\"wp-block-column is-layout-flow wp-block-column-is-layout-flow\">\n<p>Merci de ne pas me suivre si vous me croisez, je risque de prendre peur et de me mettre \u00e0 courir, ce qui est une chose risqu\u00e9e quand on est une personne qui marche parfois sur ses propres pieds. Vous pouvez cependant suivre mon travail sur Instagram (@defcetin) ou m\u2019envoyer un courriel pour visiter l\u2019atelier (<a href=\"mailto:defnecetin@hotmail.fr\">defnecetin@hotmail.fr<\/a>).&nbsp;<\/p>\n<\/div>\n<\/div>\n<\/details>\n<\/details>\n<\/div>\n\n\n\n<div style=\"height:30px\" aria-hidden=\"true\" class=\"wp-block-spacer\"><\/div>\n\n\n\n<div id=\"Fran\u00e7oisCharfe\" class=\"wp-block-group has-global-padding is-layout-constrained wp-container-core-group-is-layout-0e019bdb wp-block-group-is-layout-constrained\" style=\"border-width:1px;border-radius:10px;margin-top:0;margin-bottom:0;padding-top:var(--wp--preset--spacing--small);padding-right:0;padding-bottom:var(--wp--preset--spacing--small);padding-left:0\">\n<div class=\"wp-block-group has-global-padding is-layout-constrained wp-block-group-is-layout-constrained\"><h2 class=\"wp-block-heading has-text-align-center has-neutral-950-color has-text-color has-link-color wp-elements-d09e60e1217c949048c17bd31b78c0af\" id=\"francois-charfe\"><a href=\"#Fran%C3%A7ois%20Charfe\">Fran&ccedil;ois Charfe<\/a><\/h2>\n<\/div>\n\n\n\n<div class=\"wp-block-columns is-layout-flex wp-container-core-columns-is-layout-28f84493 wp-block-columns-is-layout-flex\">\n<div class=\"wp-block-column is-layout-flow wp-block-column-is-layout-flow\"><h3 class=\"wp-block-heading\" id=\"titre\">Titre<\/h3>\n\n\n\n<p style=\"line-height:0\">00&#215;00 cm<\/p>\n\n\n\n<p style=\"line-height:0\">000 \u20ac<\/p>\n<\/div>\n\n\n\n<div class=\"wp-block-column is-layout-flow wp-block-column-is-layout-flow\">\n<figure class=\"wp-block-image size-large\"><img data-recalc-dims=\"1\" loading=\"lazy\" decoding=\"async\" width=\"768\" height=\"1024\" src=\"https:\/\/i0.wp.com\/unehistoireamalakoff.org\/wp-content\/uploads\/2026\/03\/IMG_4082.jpeg?resize=768%2C1024&#038;ssl=1\" alt=\"\" class=\"wp-image-4194\" style=\"aspect-ratio:1;object-fit:cover\" srcset=\"https:\/\/i0.wp.com\/unehistoireamalakoff.org\/wp-content\/uploads\/2026\/03\/IMG_4082-scaled.jpeg?resize=768%2C1024&amp;ssl=1 768w, https:\/\/i0.wp.com\/unehistoireamalakoff.org\/wp-content\/uploads\/2026\/03\/IMG_4082-scaled.jpeg?resize=225%2C300&amp;ssl=1 225w, https:\/\/i0.wp.com\/unehistoireamalakoff.org\/wp-content\/uploads\/2026\/03\/IMG_4082-scaled.jpeg?resize=1152%2C1536&amp;ssl=1 1152w, https:\/\/i0.wp.com\/unehistoireamalakoff.org\/wp-content\/uploads\/2026\/03\/IMG_4082-scaled.jpeg?resize=1536%2C2048&amp;ssl=1 1536w, https:\/\/i0.wp.com\/unehistoireamalakoff.org\/wp-content\/uploads\/2026\/03\/IMG_4082-scaled.jpeg?w=1920&amp;ssl=1 1920w\" sizes=\"auto, (max-width: 768px) 100vw, 768px\" \/><\/figure>\n<\/div>\n<\/div>\n\n\n\n<details class=\"wp-block-details is-layout-flow wp-block-details-is-layout-flow\"><summary>En savoir plus<\/summary>\n<div class=\"wp-block-columns is-layout-flex wp-container-core-columns-is-layout-28f84493 wp-block-columns-is-layout-flex\">\n<div class=\"wp-block-column is-layout-flow wp-block-column-is-layout-flow\">\n<details class=\"wp-block-details has-neutral-400-background-color has-background is-layout-flow wp-block-details-is-layout-flow\"><summary>Qui es-tu ?<\/summary>\n<div class=\"wp-block-columns is-layout-flex wp-container-core-columns-is-layout-28f84493 wp-block-columns-is-layout-flex\">\n<div class=\"wp-block-column is-layout-flow wp-block-column-is-layout-flow\">\n<p>Charfe Fran\u00e7ois<\/p>\n\n\n\n<p>Retrait\u00e9<\/p>\n\n\n\n<p>Artisans et artiste amateur, autodidacte&nbsp;&nbsp;<\/p>\n<\/div>\n<\/div>\n<\/details>\n<\/div>\n<\/div>\n\n\n\n<details class=\"wp-block-details has-neutral-400-background-color has-background is-layout-flow wp-block-details-is-layout-flow\"><summary>Pourquoi avoir rejoint le projet ?<\/summary>\n<div class=\"wp-block-columns is-layout-flex wp-container-core-columns-is-layout-28f84493 wp-block-columns-is-layout-flex\">\n<div class=\"wp-block-column is-layout-flow wp-block-column-is-layout-flow\">\n<p>Pour le plaisir de participer \u00e0 un projet dont le th\u00e8me est impos\u00e9<\/p>\n<\/div>\n<\/div>\n<\/details>\n\n\n\n<details class=\"wp-block-details has-neutral-400-background-color has-background is-layout-flow wp-block-details-is-layout-flow\"><summary>Pour toi Alice de l&rsquo;autre c\u00f4t\u00e9 du miroir en 3 mots, c&rsquo;est ?<\/summary>\n<div class=\"wp-block-columns is-layout-flex wp-container-core-columns-is-layout-28f84493 wp-block-columns-is-layout-flex\">\n<div class=\"wp-block-column is-layout-flow wp-block-column-is-layout-flow\">\n<p>Un comte, fantastique, un peu barr\u00e9 au moment de sa sortie<\/p>\n<\/div>\n<\/div>\n<\/details>\n\n\n\n<details class=\"wp-block-details has-neutral-400-background-color has-background is-layout-flow wp-block-details-is-layout-flow\"><summary>Quel est ton personnage pr\u00e9f\u00e9r\u00e9 ?<\/summary>\n<div class=\"wp-block-columns is-layout-flex wp-container-core-columns-is-layout-28f84493 wp-block-columns-is-layout-flex\">\n<div class=\"wp-block-column is-layout-flow wp-block-column-is-layout-flow\">\n<p>Alice<\/p>\n<\/div>\n<\/div>\n<\/details>\n\n\n\n<details class=\"wp-block-details has-neutral-400-background-color has-background is-layout-flow wp-block-details-is-layout-flow\"><summary>Comment peut-on te suivre, te contacter ?<\/summary>\n<div class=\"wp-block-columns is-layout-flex wp-container-core-columns-is-layout-28f84493 wp-block-columns-is-layout-flex\">\n<div class=\"wp-block-column is-layout-flow wp-block-column-is-layout-flow\">\n<p>Par email&nbsp;<a href=\"mailto:charfef@gmail.com\">charfef@gmail.com<\/a><\/p>\n\n\n\n<p>Par Tel 0601921569<\/p>\n<\/div>\n<\/div>\n<\/details>\n<\/details>\n<\/div>\n\n\n\n<div style=\"height:30px\" aria-hidden=\"true\" class=\"wp-block-spacer\"><\/div>\n\n\n\n<div id=\"JacquesSudre\" class=\"wp-block-group has-global-padding is-layout-constrained wp-container-core-group-is-layout-0e019bdb wp-block-group-is-layout-constrained\" style=\"border-width:1px;border-radius:10px;margin-top:0;margin-bottom:0;padding-top:var(--wp--preset--spacing--small);padding-right:0;padding-bottom:var(--wp--preset--spacing--small);padding-left:0\">\n<div class=\"wp-block-group has-global-padding is-layout-constrained wp-block-group-is-layout-constrained\">\n<div class=\"wp-block-group has-global-padding is-layout-constrained wp-block-group-is-layout-constrained\"><h2 class=\"wp-block-heading has-text-align-center has-inherit-color has-text-color has-link-color wp-elements-662632905619189ff9238273832b4a87\" id=\"jacques-sudre\"><a href=\"https:\/\/www.instagram.com\/jacques.sudre\/\">Jacques Sudre<\/a><\/h2>\n<\/div>\n<\/div>\n\n\n\n<div class=\"wp-block-columns is-layout-flex wp-container-core-columns-is-layout-28f84493 wp-block-columns-is-layout-flex\">\n<div class=\"wp-block-column is-layout-flow wp-block-column-is-layout-flow\"><h3 class=\"wp-block-heading\" id=\"alice-avant-la-traversee-du-miroir\">Alice avant la travers&eacute;e du miroir<\/h3>\n\n\n\n<p style=\"line-height:0\">45 x 60 cm<\/p>\n\n\n\n<p>17\/03\/2026<\/p>\n\n\n\n<p style=\"line-height:0\">75 \u20ac<\/p>\n<\/div>\n\n\n\n<div class=\"wp-block-column is-layout-flow wp-block-column-is-layout-flow\">\n<figure class=\"wp-block-image size-full\"><img data-recalc-dims=\"1\" loading=\"lazy\" decoding=\"async\" width=\"1600\" height=\"1022\" src=\"https:\/\/i0.wp.com\/unehistoireamalakoff.org\/wp-content\/uploads\/2026\/04\/1-DSC_9129-objets-sur-miroir-avec-alice-7jpg.webp?resize=1600%2C1022&#038;ssl=1\" alt=\"\" class=\"wp-image-4248\" srcset=\"https:\/\/i0.wp.com\/unehistoireamalakoff.org\/wp-content\/uploads\/2026\/04\/1-DSC_9129-objets-sur-miroir-avec-alice-7jpg.webp?w=1600&amp;ssl=1 1600w, https:\/\/i0.wp.com\/unehistoireamalakoff.org\/wp-content\/uploads\/2026\/04\/1-DSC_9129-objets-sur-miroir-avec-alice-7jpg.webp?resize=300%2C192&amp;ssl=1 300w, https:\/\/i0.wp.com\/unehistoireamalakoff.org\/wp-content\/uploads\/2026\/04\/1-DSC_9129-objets-sur-miroir-avec-alice-7jpg.webp?resize=1024%2C654&amp;ssl=1 1024w, https:\/\/i0.wp.com\/unehistoireamalakoff.org\/wp-content\/uploads\/2026\/04\/1-DSC_9129-objets-sur-miroir-avec-alice-7jpg.webp?resize=768%2C491&amp;ssl=1 768w, https:\/\/i0.wp.com\/unehistoireamalakoff.org\/wp-content\/uploads\/2026\/04\/1-DSC_9129-objets-sur-miroir-avec-alice-7jpg.webp?resize=1536%2C981&amp;ssl=1 1536w\" sizes=\"auto, (max-width: 1000px) 100vw, 1000px\" \/><\/figure>\n<\/div>\n<\/div>\n\n\n\n<div style=\"height:10px\" aria-hidden=\"true\" class=\"wp-block-spacer\"><\/div>\n\n\n\n<div class=\"wp-block-columns is-layout-flex wp-container-core-columns-is-layout-28f84493 wp-block-columns-is-layout-flex\">\n<div class=\"wp-block-column is-layout-flow wp-block-column-is-layout-flow\"><h3 class=\"wp-block-heading\" id=\"alicec2a0apresc2a0la-traversee-du-miroir\">Alice&nbsp;apr&egrave;s&nbsp;la travers&eacute;e du miroir<\/h3>\n\n\n\n<p style=\"line-height:0\">45 x 60 cm<\/p>\n\n\n\n<p>17\/03\/2026<\/p>\n\n\n\n<p style=\"line-height:0\">75 \u20ac<\/p>\n<\/div>\n\n\n\n<div class=\"wp-block-column is-layout-flow wp-block-column-is-layout-flow\">\n<figure class=\"wp-block-image size-full\"><img data-recalc-dims=\"1\" loading=\"lazy\" decoding=\"async\" width=\"1600\" height=\"1068\" src=\"https:\/\/i0.wp.com\/unehistoireamalakoff.org\/wp-content\/uploads\/2026\/04\/3-DSC_9233-Alice-avec-cadre-bras-le-long-du-corps-2.webp?resize=1600%2C1068&#038;ssl=1\" alt=\"\" class=\"wp-image-4250\" srcset=\"https:\/\/i0.wp.com\/unehistoireamalakoff.org\/wp-content\/uploads\/2026\/04\/3-DSC_9233-Alice-avec-cadre-bras-le-long-du-corps-2.webp?w=1600&amp;ssl=1 1600w, https:\/\/i0.wp.com\/unehistoireamalakoff.org\/wp-content\/uploads\/2026\/04\/3-DSC_9233-Alice-avec-cadre-bras-le-long-du-corps-2.webp?resize=300%2C200&amp;ssl=1 300w, https:\/\/i0.wp.com\/unehistoireamalakoff.org\/wp-content\/uploads\/2026\/04\/3-DSC_9233-Alice-avec-cadre-bras-le-long-du-corps-2.webp?resize=1024%2C684&amp;ssl=1 1024w, https:\/\/i0.wp.com\/unehistoireamalakoff.org\/wp-content\/uploads\/2026\/04\/3-DSC_9233-Alice-avec-cadre-bras-le-long-du-corps-2.webp?resize=768%2C513&amp;ssl=1 768w, https:\/\/i0.wp.com\/unehistoireamalakoff.org\/wp-content\/uploads\/2026\/04\/3-DSC_9233-Alice-avec-cadre-bras-le-long-du-corps-2.webp?resize=1536%2C1025&amp;ssl=1 1536w\" sizes=\"auto, (max-width: 1000px) 100vw, 1000px\" \/><\/figure>\n<\/div>\n<\/div>\n\n\n\n<div style=\"height:10px\" aria-hidden=\"true\" class=\"wp-block-spacer\"><\/div>\n\n\n\n<details class=\"wp-block-details is-layout-flow wp-block-details-is-layout-flow\"><summary>En savoir plus<\/summary>\n<div class=\"wp-block-columns is-layout-flex wp-container-core-columns-is-layout-28f84493 wp-block-columns-is-layout-flex\">\n<div class=\"wp-block-column is-layout-flow wp-block-column-is-layout-flow\">\n<details class=\"wp-block-details has-neutral-400-background-color has-background is-layout-flow wp-block-details-is-layout-flow\"><summary>Qui es-tu ?<\/summary>\n<div class=\"wp-block-columns is-layout-flex wp-container-core-columns-is-layout-28f84493 wp-block-columns-is-layout-flex\">\n<div class=\"wp-block-column is-layout-flow wp-block-column-is-layout-flow\">\n<p>Jacques Sudre, photographe, membre du club photo de Malakoff<\/p>\n<\/div>\n<\/div>\n<\/details>\n<\/div>\n<\/div>\n\n\n\n<details class=\"wp-block-details has-neutral-400-background-color has-background is-layout-flow wp-block-details-is-layout-flow\"><summary>Pourquoi avoir rejoint le projet ?<\/summary>\n<div class=\"wp-block-columns is-layout-flex wp-container-core-columns-is-layout-28f84493 wp-block-columns-is-layout-flex\">\n<div class=\"wp-block-column is-layout-flow wp-block-column-is-layout-flow\">\n<p>Le th\u00e8me de Alice au-del\u00e0 du miroir est inspirant.&nbsp;<\/p>\n\n\n\n<p>Je lis l\u2019ouvrage a des enfants de classes primaires dans le cadre de Lire et Faire Lire 92.<\/p>\n\n\n\n<p>Le festival annuel organis\u00e9 par Une Histoire A Malakoff est une f\u00eate.<\/p>\n<\/div>\n<\/div>\n<\/details>\n\n\n\n<details class=\"wp-block-details has-neutral-400-background-color has-background is-layout-flow wp-block-details-is-layout-flow\"><summary>Pour toi Alice de l&rsquo;autre c\u00f4t\u00e9 du miroir en 3 mots, c&rsquo;est ?<\/summary>\n<div class=\"wp-block-columns is-layout-flex wp-container-core-columns-is-layout-28f84493 wp-block-columns-is-layout-flex\">\n<div class=\"wp-block-column is-layout-flow wp-block-column-is-layout-flow\">\n<p>La plong\u00e9e dans un monde onirique et merveilleux.<\/p>\n<\/div>\n<\/div>\n<\/details>\n\n\n\n<details class=\"wp-block-details has-neutral-400-background-color has-background is-layout-flow wp-block-details-is-layout-flow\"><summary>Quel est ton personnage pr\u00e9f\u00e9r\u00e9 ?<\/summary>\n<div class=\"wp-block-columns is-layout-flex wp-container-core-columns-is-layout-28f84493 wp-block-columns-is-layout-flex\">\n<div class=\"wp-block-column is-layout-flow wp-block-column-is-layout-flow\">\n<p>Alice<\/p>\n<\/div>\n<\/div>\n<\/details>\n\n\n\n<details class=\"wp-block-details has-neutral-400-background-color has-background is-layout-flow wp-block-details-is-layout-flow\"><summary>Comment peut-on te suivre, te contacter ?<\/summary>\n<div class=\"wp-block-columns is-layout-flex wp-container-core-columns-is-layout-28f84493 wp-block-columns-is-layout-flex\">\n<div class=\"wp-block-column is-layout-flow wp-block-column-is-layout-flow\">\n<p>Jacques Sudre sur Facebook<\/p>\n\n\n\n<p>le club photo de Malakoff https:\/\/www.clubphotomalakoff.fr\/<\/p>\n<\/div>\n<\/div>\n<\/details>\n<\/details>\n<\/div>\n\n\n\n<div style=\"height:30px\" aria-hidden=\"true\" class=\"wp-block-spacer\"><\/div>\n\n\n\n<div id=\"InkyShade\" class=\"wp-block-group has-global-padding is-layout-constrained wp-container-core-group-is-layout-0e019bdb wp-block-group-is-layout-constrained\" style=\"border-width:1px;border-radius:10px;margin-top:0;margin-bottom:0;padding-top:var(--wp--preset--spacing--small);padding-right:0;padding-bottom:var(--wp--preset--spacing--small);padding-left:0\">\n<div class=\"wp-block-group has-global-padding is-layout-constrained wp-block-group-is-layout-constrained\"><h2 class=\"wp-block-heading has-text-align-center has-inherit-color has-text-color has-link-color wp-elements-7ecc5e4d11877d048c3d3fac62f7f9b4\" id=\"inkyshade\"><a href=\"https:\/\/www.instagram.com\/inky.shade?igsh=MXZ3dTRvbW1zM3BjcA==\">InkyShade<\/a><\/h2>\n<\/div>\n\n\n\n<div class=\"wp-block-columns is-layout-flex wp-container-core-columns-is-layout-28f84493 wp-block-columns-is-layout-flex\">\n<div class=\"wp-block-column is-layout-flow wp-block-column-is-layout-flow\"><h3 class=\"wp-block-heading\" id=\"lets-pretend\">Let&rsquo;s Pretend<\/h3>\n\n\n\n<p style=\"line-height:0\">42&#215;29,7 cm<\/p>\n\n\n\n<p>Mars 2026<\/p>\n\n\n\n<p>280 \u20ac<\/p>\n<\/div>\n\n\n\n<div class=\"wp-block-column is-layout-flow wp-block-column-is-layout-flow\">\n<figure class=\"wp-block-image size-full\"><img data-recalc-dims=\"1\" loading=\"lazy\" decoding=\"async\" width=\"1810\" height=\"2560\" src=\"https:\/\/i0.wp.com\/unehistoireamalakoff.org\/wp-content\/uploads\/2026\/04\/Unknown-scaled.jpeg?resize=1810%2C2560&#038;ssl=1\" alt=\"\" class=\"wp-image-4230\" srcset=\"https:\/\/i0.wp.com\/unehistoireamalakoff.org\/wp-content\/uploads\/2026\/04\/Unknown-scaled.jpeg?w=1810&amp;ssl=1 1810w, https:\/\/i0.wp.com\/unehistoireamalakoff.org\/wp-content\/uploads\/2026\/04\/Unknown-scaled.jpeg?resize=212%2C300&amp;ssl=1 212w, https:\/\/i0.wp.com\/unehistoireamalakoff.org\/wp-content\/uploads\/2026\/04\/Unknown-scaled.jpeg?resize=724%2C1024&amp;ssl=1 724w, https:\/\/i0.wp.com\/unehistoireamalakoff.org\/wp-content\/uploads\/2026\/04\/Unknown-scaled.jpeg?resize=768%2C1086&amp;ssl=1 768w, https:\/\/i0.wp.com\/unehistoireamalakoff.org\/wp-content\/uploads\/2026\/04\/Unknown-scaled.jpeg?resize=1086%2C1536&amp;ssl=1 1086w, https:\/\/i0.wp.com\/unehistoireamalakoff.org\/wp-content\/uploads\/2026\/04\/Unknown-scaled.jpeg?resize=1448%2C2048&amp;ssl=1 1448w\" sizes=\"auto, (max-width: 1000px) 100vw, 1000px\" \/><\/figure>\n<\/div>\n<\/div>\n\n\n\n<details class=\"wp-block-details is-layout-flow wp-block-details-is-layout-flow\"><summary>En savoir plus<\/summary>\n<div class=\"wp-block-columns is-layout-flex wp-container-core-columns-is-layout-28f84493 wp-block-columns-is-layout-flex\">\n<div class=\"wp-block-column is-layout-flow wp-block-column-is-layout-flow\">\n<details class=\"wp-block-details has-neutral-400-background-color has-background is-layout-flow wp-block-details-is-layout-flow\"><summary>Qui es-tu ?<\/summary>\n<div class=\"wp-block-columns is-layout-flex wp-container-core-columns-is-layout-28f84493 wp-block-columns-is-layout-flex\">\n<div class=\"wp-block-column is-layout-flow wp-block-column-is-layout-flow\">\n<p>Je suis une artiste pluri-disciplinaire issue d\u2019une formation dans le monde du jeu vid\u00e9o et du cin\u00e9ma d\u2019animation. J\u2019aime travailler sur plusieurs medium et avec des techniques diff\u00e9rentes car elle me permettent d\u2019upcycler des mat\u00e9riaux rebuts.<\/p>\n<\/div>\n<\/div>\n<\/details>\n<\/div>\n<\/div>\n\n\n\n<details class=\"wp-block-details has-neutral-400-background-color has-background is-layout-flow wp-block-details-is-layout-flow\"><summary>Pourquoi avoir rejoint le projet ?<\/summary>\n<div class=\"wp-block-columns is-layout-flex wp-container-core-columns-is-layout-28f84493 wp-block-columns-is-layout-flex\">\n<div class=\"wp-block-column is-layout-flow wp-block-column-is-layout-flow\">\n<p>J\u2019ai rejoint le projet gr\u00e2ce \u00e0 ma cons\u0153ur et amie Sofia qui m\u2019a introduite \u00e0 l\u2019association. Le th\u00e8me m\u2019a inspir\u00e9 car je me retrouve beaucoup dans Alice et sa tendance \u00e0 fuir la r\u00e9alit\u00e9.<\/p>\n<\/div>\n<\/div>\n<\/details>\n\n\n\n<details class=\"wp-block-details has-neutral-400-background-color has-background is-layout-flow wp-block-details-is-layout-flow\"><summary>Pour toi Alice de l&rsquo;autre c\u00f4t\u00e9 du miroir en 3 mots, c&rsquo;est ?<\/summary>\n<div class=\"wp-block-columns is-layout-flex wp-container-core-columns-is-layout-28f84493 wp-block-columns-is-layout-flex\">\n<div class=\"wp-block-column is-layout-flow wp-block-column-is-layout-flow\">\n<p>Pour moi Alice de l\u2019autre c\u00f4t\u00e9 du miroir c\u2019est un voyage initiatique m\u00ealant la curiosit\u00e9 et l\u2019imagination enfantine \u00e0 l\u2019absurdit\u00e9 du monde adulte.<\/p>\n<\/div>\n<\/div>\n<\/details>\n\n\n\n<details class=\"wp-block-details has-neutral-400-background-color has-background is-layout-flow wp-block-details-is-layout-flow\"><summary>Quel est ton personnage pr\u00e9f\u00e9r\u00e9 ?<\/summary>\n<div class=\"wp-block-columns is-layout-flex wp-container-core-columns-is-layout-28f84493 wp-block-columns-is-layout-flex\">\n<div class=\"wp-block-column is-layout-flow wp-block-column-is-layout-flow\">\n<p>Alice, pour la raison \u00e9nonc\u00e9e plus haut et sa curiosit\u00e9 insatiable.<\/p>\n<\/div>\n<\/div>\n<\/details>\n\n\n\n<details class=\"wp-block-details has-neutral-400-background-color has-background is-layout-flow wp-block-details-is-layout-flow\"><summary>Comment peut-on te suivre, te contacter ?<\/summary>\n<div class=\"wp-block-columns is-layout-flex wp-container-core-columns-is-layout-28f84493 wp-block-columns-is-layout-flex\">\n<div class=\"wp-block-column is-layout-flow wp-block-column-is-layout-flow\">\n<p>On peut me suivre sur Instagram (@inky.shade) ou me contacter par mail l\u2019adresse suivante&nbsp;:<\/p>\n\n\n\n<p>jade.marchelli@protonmail.com<\/p>\n<\/div>\n<\/div>\n<\/details>\n<\/details>\n<\/div>\n\n\n\n<div style=\"height:30px\" aria-hidden=\"true\" class=\"wp-block-spacer\"><\/div>\n\n\n\n<div id=\"JulietteXRay\" class=\"wp-block-group has-global-padding is-layout-constrained wp-container-core-group-is-layout-0e019bdb wp-block-group-is-layout-constrained\" style=\"border-width:1px;border-radius:10px;margin-top:0;margin-bottom:0;padding-top:var(--wp--preset--spacing--small);padding-right:0;padding-bottom:var(--wp--preset--spacing--small);padding-left:0\">\n<div class=\"wp-block-group has-global-padding is-layout-constrained wp-block-group-is-layout-constrained\"><h2 class=\"wp-block-heading has-text-align-center has-inherit-color has-text-color has-link-color wp-elements-560c0cbbe968025c49c6772014f43a83\" id=\"juliette-x-ray\"><a href=\"https:\/\/www.instagram.com\/juliettexray?igsh=cGdsN2g4NjZxM25z\">Juliette X Ray<\/a><\/h2>\n<\/div>\n\n\n\n<div class=\"wp-block-columns is-layout-flex wp-container-core-columns-is-layout-28f84493 wp-block-columns-is-layout-flex\">\n<div class=\"wp-block-column is-layout-flow wp-block-column-is-layout-flow\"><h3 class=\"wp-block-heading\" id=\"welcome\">Welcome<\/h3>\n\n\n\n<p style=\"line-height:0\">1 m x1,3 m<\/p>\n\n\n\n<p>F\u00e9vrier 2026<\/p>\n\n\n\n<p>600 \u20ac<\/p>\n<\/div>\n\n\n\n<div class=\"wp-block-column is-layout-flow wp-block-column-is-layout-flow\">\n<figure class=\"wp-block-image size-large\"><img data-recalc-dims=\"1\" loading=\"lazy\" decoding=\"async\" width=\"916\" height=\"1024\" src=\"https:\/\/i0.wp.com\/unehistoireamalakoff.org\/wp-content\/uploads\/2026\/04\/61c0f8e6-3b94-4a77-86b2-6f8802d7b6bd.jpeg?resize=916%2C1024&#038;ssl=1\" alt=\"\" class=\"wp-image-4231\" srcset=\"https:\/\/i0.wp.com\/unehistoireamalakoff.org\/wp-content\/uploads\/2026\/04\/61c0f8e6-3b94-4a77-86b2-6f8802d7b6bd.jpeg?resize=916%2C1024&amp;ssl=1 916w, https:\/\/i0.wp.com\/unehistoireamalakoff.org\/wp-content\/uploads\/2026\/04\/61c0f8e6-3b94-4a77-86b2-6f8802d7b6bd.jpeg?resize=268%2C300&amp;ssl=1 268w, https:\/\/i0.wp.com\/unehistoireamalakoff.org\/wp-content\/uploads\/2026\/04\/61c0f8e6-3b94-4a77-86b2-6f8802d7b6bd.jpeg?resize=768%2C859&amp;ssl=1 768w, https:\/\/i0.wp.com\/unehistoireamalakoff.org\/wp-content\/uploads\/2026\/04\/61c0f8e6-3b94-4a77-86b2-6f8802d7b6bd.jpeg?w=1038&amp;ssl=1 1038w\" sizes=\"auto, (max-width: 916px) 100vw, 916px\" \/><\/figure>\n<\/div>\n<\/div>\n\n\n\n<details class=\"wp-block-details is-layout-flow wp-block-details-is-layout-flow\"><summary>En savoir plus<\/summary>\n<div class=\"wp-block-columns is-layout-flex wp-container-core-columns-is-layout-28f84493 wp-block-columns-is-layout-flex\">\n<div class=\"wp-block-column is-layout-flow wp-block-column-is-layout-flow\">\n<details class=\"wp-block-details has-neutral-400-background-color has-background is-layout-flow wp-block-details-is-layout-flow\"><summary>Qui es-tu ?<\/summary>\n<div class=\"wp-block-columns is-layout-flex wp-container-core-columns-is-layout-28f84493 wp-block-columns-is-layout-flex\">\n<div class=\"wp-block-column is-layout-flow wp-block-column-is-layout-flow\">\n<p>JulietteXRay,Cr\u00e9atrice d\u2019\u00e9tendards en tissus et mat\u00e9riaux composites.<\/p>\n<\/div>\n<\/div>\n<\/details>\n<\/div>\n<\/div>\n\n\n\n<details class=\"wp-block-details has-neutral-400-background-color has-background is-layout-flow wp-block-details-is-layout-flow\"><summary>Pourquoi avoir rejoint le projet ?<\/summary>\n<div class=\"wp-block-columns is-layout-flex wp-container-core-columns-is-layout-28f84493 wp-block-columns-is-layout-flex\">\n<div class=\"wp-block-column is-layout-flow wp-block-column-is-layout-flow\">\n<p>Pour rejoindre une communaut\u00e9 de cr\u00e9atif passionn\u00e9s et profiter d\u2019un espace de libert\u00e9 artistique.<\/p>\n<\/div>\n<\/div>\n<\/details>\n\n\n\n<details class=\"wp-block-details has-neutral-400-background-color has-background is-layout-flow wp-block-details-is-layout-flow\"><summary>Pour toi Alice de l&rsquo;autre c\u00f4t\u00e9 du miroir en 3 mots, c&rsquo;est ?<\/summary>\n<div class=\"wp-block-columns is-layout-flex wp-container-core-columns-is-layout-28f84493 wp-block-columns-is-layout-flex\">\n<div class=\"wp-block-column is-layout-flow wp-block-column-is-layout-flow\">\n<p>Po\u00e9tique, graphique, subversif<\/p>\n<\/div>\n<\/div>\n<\/details>\n\n\n\n<details class=\"wp-block-details has-neutral-400-background-color has-background is-layout-flow wp-block-details-is-layout-flow\"><summary>Quel est ton personnage pr\u00e9f\u00e9r\u00e9 ?<\/summary>\n<div class=\"wp-block-columns is-layout-flex wp-container-core-columns-is-layout-28f84493 wp-block-columns-is-layout-flex\">\n<div class=\"wp-block-column is-layout-flow wp-block-column-is-layout-flow\">\n<p>La reine rouge<\/p>\n<\/div>\n<\/div>\n<\/details>\n\n\n\n<details class=\"wp-block-details has-neutral-400-background-color has-background is-layout-flow wp-block-details-is-layout-flow\"><summary>Comment peut-on te suivre, te contacter ?<\/summary>\n<div class=\"wp-block-columns is-layout-flex wp-container-core-columns-is-layout-28f84493 wp-block-columns-is-layout-flex\">\n<div class=\"wp-block-column is-layout-flow wp-block-column-is-layout-flow\">\n<p style=\"line-height:0\">Instagram : @juliettexray<\/p>\n<\/div>\n<\/div>\n<\/details>\n<\/details>\n<\/div>\n\n\n\n<div style=\"height:30px\" aria-hidden=\"true\" class=\"wp-block-spacer\"><\/div>\n\n\n\n<div id=\"Vestige\" class=\"wp-block-group has-global-padding is-layout-constrained wp-container-core-group-is-layout-0e019bdb wp-block-group-is-layout-constrained\" style=\"border-width:1px;border-radius:10px;margin-top:0;margin-bottom:0;padding-top:var(--wp--preset--spacing--small);padding-right:0;padding-bottom:var(--wp--preset--spacing--small);padding-left:0\">\n<div class=\"wp-block-group has-global-padding is-layout-constrained wp-block-group-is-layout-constrained\"><h2 class=\"wp-block-heading has-text-align-center has-inherit-color has-text-color has-link-color wp-elements-a0f019f21670a0a02af8d7cf11b8b328\" id=\"vestige\"><a href=\"https:\/\/www.instagram.com\/___vestiges___?igsh=d29sNzFpYjE1Zmxl\">Vestige<\/a><\/h2>\n<\/div>\n\n\n\n<div class=\"wp-block-columns is-layout-flex wp-container-core-columns-is-layout-28f84493 wp-block-columns-is-layout-flex\">\n<div class=\"wp-block-column is-layout-flow wp-block-column-is-layout-flow\"><h3 class=\"wp-block-heading\" id=\"vestige-hors-serie-c2a0refletc2a0\">Vestige Hors S&eacute;rie &laquo;&nbsp;Reflet&nbsp;&raquo;<\/h3>\n\n\n\n<p style=\"line-height:0\">30cm X 40cm \u00a0 (Double face)<\/p>\n\n\n\n<p>19\/03\/2026<\/p>\n\n\n\n<p>650 \u20ac<\/p>\n<\/div>\n\n\n\n<div class=\"wp-block-column is-layout-flow wp-block-column-is-layout-flow\">\n<figure class=\"wp-block-image size-large\"><img data-recalc-dims=\"1\" loading=\"lazy\" decoding=\"async\" width=\"768\" height=\"1024\" src=\"https:\/\/i0.wp.com\/unehistoireamalakoff.org\/wp-content\/uploads\/2026\/04\/IMG_4086.jpeg?resize=768%2C1024&#038;ssl=1\" alt=\"\" class=\"wp-image-4246\" srcset=\"https:\/\/i0.wp.com\/unehistoireamalakoff.org\/wp-content\/uploads\/2026\/04\/IMG_4086-scaled.jpeg?resize=768%2C1024&amp;ssl=1 768w, https:\/\/i0.wp.com\/unehistoireamalakoff.org\/wp-content\/uploads\/2026\/04\/IMG_4086-scaled.jpeg?resize=225%2C300&amp;ssl=1 225w, https:\/\/i0.wp.com\/unehistoireamalakoff.org\/wp-content\/uploads\/2026\/04\/IMG_4086-scaled.jpeg?resize=1152%2C1536&amp;ssl=1 1152w, https:\/\/i0.wp.com\/unehistoireamalakoff.org\/wp-content\/uploads\/2026\/04\/IMG_4086-scaled.jpeg?resize=1536%2C2048&amp;ssl=1 1536w, https:\/\/i0.wp.com\/unehistoireamalakoff.org\/wp-content\/uploads\/2026\/04\/IMG_4086-scaled.jpeg?w=1920&amp;ssl=1 1920w\" sizes=\"auto, (max-width: 768px) 100vw, 768px\" \/><\/figure>\n<\/div>\n<\/div>\n\n\n\n<details class=\"wp-block-details is-layout-flow wp-block-details-is-layout-flow\"><summary>En savoir plus<\/summary>\n<div class=\"wp-block-columns is-layout-flex wp-container-core-columns-is-layout-28f84493 wp-block-columns-is-layout-flex\">\n<div class=\"wp-block-column is-layout-flow wp-block-column-is-layout-flow\">\n<details class=\"wp-block-details has-neutral-400-background-color has-background is-layout-flow wp-block-details-is-layout-flow\"><summary>Qui es-tu ?<\/summary>\n<div class=\"wp-block-columns is-layout-flex wp-container-core-columns-is-layout-28f84493 wp-block-columns-is-layout-flex\">\n<div class=\"wp-block-column is-layout-flow wp-block-column-is-layout-flow\">\n<p>Vestige<\/p>\n<\/div>\n<\/div>\n<\/details>\n<\/div>\n<\/div>\n\n\n\n<details class=\"wp-block-details has-neutral-400-background-color has-background is-layout-flow wp-block-details-is-layout-flow\"><summary>Pourquoi avoir rejoint le projet ?<\/summary>\n<div class=\"wp-block-columns is-layout-flex wp-container-core-columns-is-layout-28f84493 wp-block-columns-is-layout-flex\">\n<div class=\"wp-block-column is-layout-flow wp-block-column-is-layout-flow\">\n<p>Ce projet \u00e9tait l\u2019occasion d\u2019emmener ma pratique vers un autre univers, plus libre et onirique, et de montrer une autre facette de mon travail.<\/p>\n<\/div>\n<\/div>\n<\/details>\n\n\n\n<details class=\"wp-block-details has-neutral-400-background-color has-background is-layout-flow wp-block-details-is-layout-flow\"><summary>Pour toi Alice de l&rsquo;autre c\u00f4t\u00e9 du miroir en 3 mots, c&rsquo;est ?<\/summary>\n<div class=\"wp-block-columns is-layout-flex wp-container-core-columns-is-layout-28f84493 wp-block-columns-is-layout-flex\">\n<div class=\"wp-block-column is-layout-flow wp-block-column-is-layout-flow\">\n<p>Reflet<\/p>\n\n\n\n<p>Dualit\u00e9<\/p>\n\n\n\n<p>Mise en abime<\/p>\n<\/div>\n<\/div>\n<\/details>\n\n\n\n<details class=\"wp-block-details has-neutral-400-background-color has-background is-layout-flow wp-block-details-is-layout-flow\"><summary>Quel est ton personnage pr\u00e9f\u00e9r\u00e9 ?<\/summary>\n<div class=\"wp-block-columns is-layout-flex wp-container-core-columns-is-layout-28f84493 wp-block-columns-is-layout-flex\">\n<div class=\"wp-block-column is-layout-flow wp-block-column-is-layout-flow\">\n<p>La reine blanche pour son aspect \u00e0 contre courant. Elle se souvient du futur, sa logique est invers\u00e9e et fragile. Ce qui me raisonne en moi comme une vision qu\u2019un artiste peux avoir du monde, et comment il y est per\u00e7u.<\/p>\n<\/div>\n<\/div>\n<\/details>\n\n\n\n<details class=\"wp-block-details has-neutral-400-background-color has-background is-layout-flow wp-block-details-is-layout-flow\"><summary>Comment peut-on te suivre, te contacter ?<\/summary>\n<div class=\"wp-block-columns is-layout-flex wp-container-core-columns-is-layout-28f84493 wp-block-columns-is-layout-flex\">\n<div class=\"wp-block-column is-layout-flow wp-block-column-is-layout-flow\">\n<p style=\"line-height:0\">Sur intagram<\/p>\n\n\n\n<p>@___vestiges___<\/p>\n\n\n\n<p>Par mail<\/p>\n\n\n\n<p style=\"line-height:0\">Vestige.artiste@gmail.com<\/p>\n<\/div>\n<\/div>\n<\/details>\n<\/details>\n<\/div>\n\n\n\n<div style=\"height:30px\" aria-hidden=\"true\" class=\"wp-block-spacer\"><\/div>\n\n\n\n<div id=\"SophieBarbier\" class=\"wp-block-group has-global-padding is-layout-constrained wp-container-core-group-is-layout-0e019bdb wp-block-group-is-layout-constrained\" style=\"border-width:1px;border-radius:10px;margin-top:0;margin-bottom:0;padding-top:var(--wp--preset--spacing--small);padding-right:0;padding-bottom:var(--wp--preset--spacing--small);padding-left:0\">\n<div class=\"wp-block-group has-global-padding is-layout-constrained wp-block-group-is-layout-constrained\"><h2 class=\"wp-block-heading has-text-align-center has-inherit-color has-text-color has-link-color wp-elements-297620571b30c7b8933630938dd92469\" id=\"sophie-barbier\"><a href=\"#Sophie%20Barbier\">Sophie Barbier<\/a><\/h2>\n<\/div>\n\n\n\n<div class=\"wp-block-columns is-layout-flex wp-container-core-columns-is-layout-28f84493 wp-block-columns-is-layout-flex\">\n<div class=\"wp-block-column is-layout-flow wp-block-column-is-layout-flow\"><h3 class=\"wp-block-heading\" id=\"alice-et-ses-miroirs-1\"><em>Alice et ses miroirs (1) <\/em><\/h3>\n\n\n\n<p style=\"line-height:0\"><em>44 x 29 cm<\/em><\/p>\n\n\n\n<p>16\/03\/2026<\/p>\n\n\n\n<p><em>30\u20ac sans le cadre<\/em><\/p>\n<\/div>\n\n\n\n<div class=\"wp-block-column is-layout-flow wp-block-column-is-layout-flow\">\n<figure class=\"wp-block-image size-large\"><img data-recalc-dims=\"1\" loading=\"lazy\" decoding=\"async\" width=\"1024\" height=\"683\" src=\"https:\/\/i0.wp.com\/unehistoireamalakoff.org\/wp-content\/uploads\/2026\/04\/SBA_3869_Alice-nb.jpg?resize=1024%2C683&#038;ssl=1\" alt=\"\" class=\"wp-image-4253\" srcset=\"https:\/\/i0.wp.com\/unehistoireamalakoff.org\/wp-content\/uploads\/2026\/04\/SBA_3869_Alice-nb-scaled.jpg?resize=1024%2C683&amp;ssl=1 1024w, https:\/\/i0.wp.com\/unehistoireamalakoff.org\/wp-content\/uploads\/2026\/04\/SBA_3869_Alice-nb-scaled.jpg?resize=300%2C200&amp;ssl=1 300w, https:\/\/i0.wp.com\/unehistoireamalakoff.org\/wp-content\/uploads\/2026\/04\/SBA_3869_Alice-nb-scaled.jpg?resize=768%2C512&amp;ssl=1 768w, https:\/\/i0.wp.com\/unehistoireamalakoff.org\/wp-content\/uploads\/2026\/04\/SBA_3869_Alice-nb-scaled.jpg?resize=1536%2C1024&amp;ssl=1 1536w, https:\/\/i0.wp.com\/unehistoireamalakoff.org\/wp-content\/uploads\/2026\/04\/SBA_3869_Alice-nb-scaled.jpg?resize=2048%2C1365&amp;ssl=1 2048w\" sizes=\"auto, (max-width: 1000px) 100vw, 1000px\" \/><\/figure>\n<\/div>\n<\/div>\n\n\n\n<div class=\"wp-block-columns is-layout-flex wp-container-core-columns-is-layout-28f84493 wp-block-columns-is-layout-flex\">\n<div class=\"wp-block-column is-layout-flow wp-block-column-is-layout-flow\"><h3 class=\"wp-block-heading\" id=\"alice-et-ses-miroirs-2\"><em>Alice et ses miroirs (2) <\/em><\/h3>\n\n\n\n<p style=\"line-height:0\"><em>44 x 29 cm<\/em><\/p>\n\n\n\n<p>16\/03\/2026<\/p>\n\n\n\n<p><em>30\u20ac sans le cadre<\/em><\/p>\n<\/div>\n\n\n\n<div class=\"wp-block-column is-layout-flow wp-block-column-is-layout-flow\">\n<figure class=\"wp-block-image size-large\"><img data-recalc-dims=\"1\" loading=\"lazy\" decoding=\"async\" width=\"1024\" height=\"683\" src=\"https:\/\/i0.wp.com\/unehistoireamalakoff.org\/wp-content\/uploads\/2026\/04\/SBA_3876_Alice-nb.jpg?resize=1024%2C683&#038;ssl=1\" alt=\"\" class=\"wp-image-4254\" srcset=\"https:\/\/i0.wp.com\/unehistoireamalakoff.org\/wp-content\/uploads\/2026\/04\/SBA_3876_Alice-nb-scaled.jpg?resize=1024%2C683&amp;ssl=1 1024w, https:\/\/i0.wp.com\/unehistoireamalakoff.org\/wp-content\/uploads\/2026\/04\/SBA_3876_Alice-nb-scaled.jpg?resize=300%2C200&amp;ssl=1 300w, https:\/\/i0.wp.com\/unehistoireamalakoff.org\/wp-content\/uploads\/2026\/04\/SBA_3876_Alice-nb-scaled.jpg?resize=768%2C512&amp;ssl=1 768w, https:\/\/i0.wp.com\/unehistoireamalakoff.org\/wp-content\/uploads\/2026\/04\/SBA_3876_Alice-nb-scaled.jpg?resize=1536%2C1024&amp;ssl=1 1536w, https:\/\/i0.wp.com\/unehistoireamalakoff.org\/wp-content\/uploads\/2026\/04\/SBA_3876_Alice-nb-scaled.jpg?resize=2048%2C1365&amp;ssl=1 2048w\" sizes=\"auto, (max-width: 1000px) 100vw, 1000px\" \/><\/figure>\n<\/div>\n<\/div>\n\n\n\n<details class=\"wp-block-details is-layout-flow wp-block-details-is-layout-flow\"><summary>En savoir plus<\/summary>\n<div class=\"wp-block-columns is-layout-flex wp-container-core-columns-is-layout-28f84493 wp-block-columns-is-layout-flex\">\n<div class=\"wp-block-column is-layout-flow wp-block-column-is-layout-flow\">\n<details class=\"wp-block-details has-neutral-400-background-color has-background is-layout-flow wp-block-details-is-layout-flow\"><summary>Qui es-tu ?<\/summary>\n<div class=\"wp-block-columns is-layout-flex wp-container-core-columns-is-layout-28f84493 wp-block-columns-is-layout-flex\">\n<div class=\"wp-block-column is-layout-flow wp-block-column-is-layout-flow\">\n<p><em>Sophie BARBIER, photographe amateur, membre du club photo de Malakoff<\/em><\/p>\n\n\n\n<p><em>depuis cette ann\u00e9e (scolaire)<\/em><\/p>\n<\/div>\n<\/div>\n<\/details>\n<\/div>\n<\/div>\n\n\n\n<details class=\"wp-block-details has-neutral-400-background-color has-background is-layout-flow wp-block-details-is-layout-flow\"><summary>Pourquoi avoir rejoint le projet ?<\/summary>\n<div class=\"wp-block-columns is-layout-flex wp-container-core-columns-is-layout-28f84493 wp-block-columns-is-layout-flex\">\n<div class=\"wp-block-column is-layout-flow wp-block-column-is-layout-flow\">\n<p><em>Pour participer \u00e0 un festival collectif, et pour travailler sur un sujet diff\u00e9rent de<\/em> <em>mes habitudes photographiques en studioet bonne publicit\u00e9 faite par mes camarades du club, ce sera ma premi\u00e8re participation.<\/em><\/p>\n\n\n\n<p><em>J\u2019esp\u00e8re que l\u2019an prochain, nous pourrons pr\u00e9senter nos photos dans<\/em> <em>le cadre collectif du club.<\/em><\/p>\n<\/div>\n<\/div>\n<\/details>\n\n\n\n<details class=\"wp-block-details has-neutral-400-background-color has-background is-layout-flow wp-block-details-is-layout-flow\"><summary>Pour toi Alice de l&rsquo;autre c\u00f4t\u00e9 du miroir en 3 mots, c&rsquo;est ?<\/summary>\n<div class=\"wp-block-columns is-layout-flex wp-container-core-columns-is-layout-28f84493 wp-block-columns-is-layout-flex\">\n<div class=\"wp-block-column is-layout-flow wp-block-column-is-layout-flow\">\n<p><em>un univers imaginaire, magique<\/em><\/p>\n<\/div>\n<\/div>\n<\/details>\n\n\n\n<details class=\"wp-block-details has-neutral-400-background-color has-background is-layout-flow wp-block-details-is-layout-flow\"><summary>Quel est ton personnage pr\u00e9f\u00e9r\u00e9 ?<\/summary>\n<div class=\"wp-block-columns is-layout-flex wp-container-core-columns-is-layout-28f84493 wp-block-columns-is-layout-flex\">\n<div class=\"wp-block-column is-layout-flow wp-block-column-is-layout-flow\">\n<p><em>Les fleurs<\/em>.<\/p>\n<\/div>\n<\/div>\n<\/details>\n\n\n\n<details class=\"wp-block-details has-neutral-400-background-color has-background is-layout-flow wp-block-details-is-layout-flow\"><summary>Comment peut-on te suivre, te contacter ?<\/summary>\n<div class=\"wp-block-columns is-layout-flex wp-container-core-columns-is-layout-28f84493 wp-block-columns-is-layout-flex\">\n<div class=\"wp-block-column is-layout-flow wp-block-column-is-layout-flow\">\n<p style=\"line-height:0\"><em>le club photo de Malakoff https:\/\/www.clubphotomalakoff.fr\/<\/em><\/p>\n<\/div>\n<\/div>\n<\/details>\n<\/details>\n<\/div>\n\n\n\n<div style=\"height:30px\" aria-hidden=\"true\" class=\"wp-block-spacer\"><\/div>\n\n\n\n<div id=\"StellaSimonpaoli\" class=\"wp-block-group has-global-padding is-layout-constrained wp-container-core-group-is-layout-0e019bdb wp-block-group-is-layout-constrained\" style=\"border-width:1px;border-radius:10px;margin-top:0;margin-bottom:0;padding-top:var(--wp--preset--spacing--small);padding-right:0;padding-bottom:var(--wp--preset--spacing--small);padding-left:0\">\n<div id=\"kanine\" class=\"wp-block-group has-global-padding is-layout-constrained wp-block-group-is-layout-constrained\"><h2 class=\"wp-block-heading has-text-align-center has-inherit-color has-text-color has-link-color wp-elements-577a2a7c5cae9719c43cc4b63ef1aaad\" id=\"stella-simonpaolic2a0\"><a href=\"https:\/\/www.instagram.com\/stella_pas_au_lit?igsh=MTY1c2J4amVhYjM2OA==\">Stella Simonpaoli&nbsp;<\/a><\/h2>\n<\/div>\n\n\n\n<div class=\"wp-block-columns is-layout-flex wp-container-core-columns-is-layout-28f84493 wp-block-columns-is-layout-flex\">\n<div class=\"wp-block-column is-layout-flow wp-block-column-is-layout-flow\"><h3 class=\"wp-block-heading\" id=\"doiton-traduire-le-jabberwocky\">Doit-on traduire le Jabberwocky ?<\/h3>\n\n\n\n<p style=\"line-height:0\">H 60 cm x L 40 cm x l 20 ou 2 cm<\/p>\n\n\n\n<p>Mars 2026<\/p>\n\n\n\n<p>150\u20ac \/ \u00e0 d\u00e9battre\u00a0<\/p>\n<\/div>\n\n\n\n<div class=\"wp-block-column is-layout-flow wp-block-column-is-layout-flow\">\n<figure class=\"wp-block-image size-full\"><img data-recalc-dims=\"1\" loading=\"lazy\" decoding=\"async\" width=\"1920\" height=\"2560\" src=\"https:\/\/i0.wp.com\/unehistoireamalakoff.org\/wp-content\/uploads\/2026\/04\/IMG_1893-scaled.jpeg?resize=1920%2C2560&#038;ssl=1\" alt=\"\" class=\"wp-image-4257\" srcset=\"https:\/\/i0.wp.com\/unehistoireamalakoff.org\/wp-content\/uploads\/2026\/04\/IMG_1893-scaled.jpeg?w=1920&amp;ssl=1 1920w, https:\/\/i0.wp.com\/unehistoireamalakoff.org\/wp-content\/uploads\/2026\/04\/IMG_1893-scaled.jpeg?resize=225%2C300&amp;ssl=1 225w, https:\/\/i0.wp.com\/unehistoireamalakoff.org\/wp-content\/uploads\/2026\/04\/IMG_1893-scaled.jpeg?resize=768%2C1024&amp;ssl=1 768w, https:\/\/i0.wp.com\/unehistoireamalakoff.org\/wp-content\/uploads\/2026\/04\/IMG_1893-scaled.jpeg?resize=1152%2C1536&amp;ssl=1 1152w, https:\/\/i0.wp.com\/unehistoireamalakoff.org\/wp-content\/uploads\/2026\/04\/IMG_1893-scaled.jpeg?resize=1536%2C2048&amp;ssl=1 1536w\" sizes=\"auto, (max-width: 1000px) 100vw, 1000px\" \/><\/figure>\n<\/div>\n<\/div>\n\n\n\n<details class=\"wp-block-details is-layout-flow wp-block-details-is-layout-flow\"><summary>En savoir plus<\/summary>\n<div class=\"wp-block-columns is-layout-flex wp-container-core-columns-is-layout-28f84493 wp-block-columns-is-layout-flex\">\n<div class=\"wp-block-column is-layout-flow wp-block-column-is-layout-flow\">\n<details class=\"wp-block-details has-neutral-400-background-color has-background is-layout-flow wp-block-details-is-layout-flow\"><summary>Qui es-tu ?<\/summary>\n<div class=\"wp-block-columns is-layout-flex wp-container-core-columns-is-layout-28f84493 wp-block-columns-is-layout-flex\">\n<div class=\"wp-block-column is-layout-flow wp-block-column-is-layout-flow\">\n<p>Une fille qui, \u00e0 trente-et-un ans, a d\u00e9j\u00e0 chang\u00e9 cinq ou six fois d\u2019orientation, et qui continue de chercher son\u00a0chemin. J\u2019ai \u00e9tudi\u00e9 les lettres classiques, puis le dessin d\u2019animation, puis la mise en sc\u00e8ne au cin\u00e9ma. J\u2019ai travaill\u00e9 dans la production audiovisuelle, en figuration, dans un escape game, enseign\u00e9 en coll\u00e8ge-lyc\u00e9e&#8230; Je ne sais pas combien de burn-out j\u2019ai fait en cours de route.\u00a0<\/p>\n\n\n\n<p>Quelqu\u2019un a une boussole ?<\/p>\n<\/div>\n<\/div>\n<\/details>\n<\/div>\n<\/div>\n\n\n\n<details class=\"wp-block-details has-neutral-400-background-color has-background is-layout-flow wp-block-details-is-layout-flow\"><summary>Pourquoi avoir rejoint le projet ?<\/summary>\n<div class=\"wp-block-columns is-layout-flex wp-container-core-columns-is-layout-28f84493 wp-block-columns-is-layout-flex\">\n<div class=\"wp-block-column is-layout-flow wp-block-column-is-layout-flow\">\n<p>J\u2019ai eu envie de rejoindre un groupe. De remplir un d\u00e9fi atteignable \u00e0 court terme. De faire quelque chose m\u00eame si je ne me sentais pas l\u00e9gitime. Puis j\u2019ai trouv\u00e9 un angle d\u2019attaque o\u00f9 je me sentais \u00e0 l\u2019aise : la linguistique. J\u2019ai voulu essayer de donner du sens \u00e0 ce qui n\u2019en avait pas. De repr\u00e9senter de mani\u00e8re visuelle mon\u00a0 cheminement de pens\u00e9e. De cr\u00e9er du lien avec ceux qui voudront bien pr\u00eater attention \u00e0 mon travail.<\/p>\n\n\n\n<p>Et peut-\u00eatre qu\u2019en chemin j\u2019arriverai \u00e0 me trouver une petite place quelque part\u2026<\/p>\n\n\n\n<p>Et aussi parce que Clairon participe et Clairon elle est cool.&nbsp;<\/p>\n<\/div>\n<\/div>\n<\/details>\n\n\n\n<details class=\"wp-block-details has-neutral-400-background-color has-background is-layout-flow wp-block-details-is-layout-flow\"><summary>Pour toi Alice de l&rsquo;autre c\u00f4t\u00e9 du miroir en 3 mots, c&rsquo;est ?<\/summary>\n<div class=\"wp-block-columns is-layout-flex wp-container-core-columns-is-layout-28f84493 wp-block-columns-is-layout-flex\">\n<div class=\"wp-block-column is-layout-flow wp-block-column-is-layout-flow\">\n<p>Onirique, charabiesque, r\u00e9aliste<\/p>\n<\/div>\n<\/div>\n<\/details>\n\n\n\n<details class=\"wp-block-details has-neutral-400-background-color has-background is-layout-flow wp-block-details-is-layout-flow\"><summary>Quel est ton personnage pr\u00e9f\u00e9r\u00e9 ?<\/summary>\n<div class=\"wp-block-columns is-layout-flex wp-container-core-columns-is-layout-28f84493 wp-block-columns-is-layout-flex\">\n<div class=\"wp-block-column is-layout-flow wp-block-column-is-layout-flow\">\n<p>Alice<\/p>\n<\/div>\n<\/div>\n<\/details>\n\n\n\n<details class=\"wp-block-details has-neutral-400-background-color has-background is-layout-flow wp-block-details-is-layout-flow\"><summary>Comment peut-on te suivre, te contacter ?<\/summary>\n<div class=\"wp-block-columns is-layout-flex wp-container-core-columns-is-layout-28f84493 wp-block-columns-is-layout-flex\">\n<div class=\"wp-block-column is-layout-flow wp-block-column-is-layout-flow\">\n<p style=\"line-height:0\">Mon Instagram est @stella_pas_au_lit<\/p>\n<\/div>\n<\/div>\n<\/details>\n<\/details>\n<\/div>\n\n\n\n<div style=\"height:30px\" aria-hidden=\"true\" class=\"wp-block-spacer\"><\/div>\n\n\n\n<div id=\"Kanine\" class=\"wp-block-group has-global-padding is-layout-constrained wp-container-core-group-is-layout-0e019bdb wp-block-group-is-layout-constrained\" style=\"border-width:1px;border-radius:10px;margin-top:0;margin-bottom:0;padding-top:var(--wp--preset--spacing--small);padding-right:0;padding-bottom:var(--wp--preset--spacing--small);padding-left:0\">\n<div id=\"kanine\" class=\"wp-block-group has-global-padding is-layout-constrained wp-block-group-is-layout-constrained\"><h2 class=\"wp-block-heading has-text-align-center has-inherit-color has-text-color has-link-color wp-elements-196a01c05b5b16b2a87b2f40fc70064f\" id=\"kanine\"><a href=\"http:\/\/www.atelierkanine.com\">Kanine<\/a><\/h2>\n<\/div>\n\n\n\n<div class=\"wp-block-columns is-layout-flex wp-container-core-columns-is-layout-28f84493 wp-block-columns-is-layout-flex\">\n<div class=\"wp-block-column is-layout-flow wp-block-column-is-layout-flow\"><h3 class=\"wp-block-heading\" id=\"un-si-beau-conte-de-fee\">Un si beau conte de f&eacute;e<\/h3>\n\n\n\n<p style=\"line-height:0\">A4 avec cadre<\/p>\n<\/div>\n\n\n\n<div class=\"wp-block-column is-layout-flow wp-block-column-is-layout-flow\">\n<figure class=\"wp-block-image size-full\"><img data-recalc-dims=\"1\" loading=\"lazy\" decoding=\"async\" width=\"1024\" height=\"768\" src=\"https:\/\/i0.wp.com\/unehistoireamalakoff.org\/wp-content\/uploads\/2026\/04\/2a40d7be-69c4-4191-9368-2d666d223308.jpg?resize=1024%2C768&#038;ssl=1\" alt=\"\" class=\"wp-image-4259\" srcset=\"https:\/\/i0.wp.com\/unehistoireamalakoff.org\/wp-content\/uploads\/2026\/04\/2a40d7be-69c4-4191-9368-2d666d223308.jpg?w=1024&amp;ssl=1 1024w, https:\/\/i0.wp.com\/unehistoireamalakoff.org\/wp-content\/uploads\/2026\/04\/2a40d7be-69c4-4191-9368-2d666d223308.jpg?resize=300%2C225&amp;ssl=1 300w, https:\/\/i0.wp.com\/unehistoireamalakoff.org\/wp-content\/uploads\/2026\/04\/2a40d7be-69c4-4191-9368-2d666d223308.jpg?resize=768%2C576&amp;ssl=1 768w\" sizes=\"auto, (max-width: 1000px) 100vw, 1000px\" \/><\/figure>\n<\/div>\n<\/div>\n\n\n\n<details class=\"wp-block-details is-layout-flow wp-block-details-is-layout-flow\"><summary>En savoir plus<\/summary>\n<div class=\"wp-block-columns is-layout-flex wp-container-core-columns-is-layout-28f84493 wp-block-columns-is-layout-flex\">\n<div class=\"wp-block-column is-layout-flow wp-block-column-is-layout-flow\">\n<details class=\"wp-block-details has-neutral-400-background-color has-background is-layout-flow wp-block-details-is-layout-flow\"><summary>Qui es-tu ?<\/summary>\n<div class=\"wp-block-columns is-layout-flex wp-container-core-columns-is-layout-28f84493 wp-block-columns-is-layout-flex\">\n<div class=\"wp-block-column is-layout-flow wp-block-column-is-layout-flow\">\n<p>Je suis KANINE, artiste textile. Mon travail explore la broderie comme un m\u00e9dium narratif, je cherche \u00e0 mettre en valeur les travaux domestiques invisibilis\u00e9s en d\u00e9construisant les repr\u00e9sentations.<\/p>\n<\/div>\n<\/div>\n<\/details>\n<\/div>\n<\/div>\n\n\n\n<details class=\"wp-block-details has-neutral-400-background-color has-background is-layout-flow wp-block-details-is-layout-flow\"><summary>Pourquoi avoir rejoint le projet ?<\/summary>\n<div class=\"wp-block-columns is-layout-flex wp-container-core-columns-is-layout-28f84493 wp-block-columns-is-layout-flex\">\n<div class=\"wp-block-column is-layout-flow wp-block-column-is-layout-flow\">\n<p>La r\u00e9interpr\u00e9tation des contes m&rsquo;int\u00e9resse parce qu&rsquo;ils fac\u00e7onnent nos imaginaires d\u00e8s l&rsquo;enfance. Derri\u00e8re leurs r\u00e9cits, ils v\u00e9hiculent des rapports de pouvoir et des normes qu&rsquo;on peut questionner.<\/p>\n<\/div>\n<\/div>\n<\/details>\n\n\n\n<details class=\"wp-block-details has-neutral-400-background-color has-background is-layout-flow wp-block-details-is-layout-flow\"><summary>Pour toi Alice de l&rsquo;autre c\u00f4t\u00e9 du miroir en 3 mots, c&rsquo;est ?<\/summary>\n<div class=\"wp-block-columns is-layout-flex wp-container-core-columns-is-layout-28f84493 wp-block-columns-is-layout-flex\">\n<div class=\"wp-block-column is-layout-flow wp-block-column-is-layout-flow\">\n<p>Le ridicule, la logique et le fantastique<\/p>\n<\/div>\n<\/div>\n<\/details>\n\n\n\n<details class=\"wp-block-details has-neutral-400-background-color has-background is-layout-flow wp-block-details-is-layout-flow\"><summary>Quel est ton personnage pr\u00e9f\u00e9r\u00e9 ?<\/summary>\n<div class=\"wp-block-columns is-layout-flex wp-container-core-columns-is-layout-28f84493 wp-block-columns-is-layout-flex\">\n<div class=\"wp-block-column is-layout-flow wp-block-column-is-layout-flow\">\n<p>La chenille <\/p>\n<\/div>\n<\/div>\n<\/details>\n\n\n\n<details class=\"wp-block-details has-neutral-400-background-color has-background is-layout-flow wp-block-details-is-layout-flow\"><summary>Comment peut-on te suivre, te contacter ?<\/summary>\n<div class=\"wp-block-columns is-layout-flex wp-container-core-columns-is-layout-28f84493 wp-block-columns-is-layout-flex\">\n<div class=\"wp-block-column is-layout-flow wp-block-column-is-layout-flow\">\n<p style=\"line-height:0\">@kanine.mending (Instagram)<\/p>\n\n\n\n<p class=\"has-inherit-color has-text-color has-link-color wp-elements-bd28ad1885a3192c6cd62c651cb5eab4\" style=\"line-height:0\"><a href=\"http:\/\/www.atelierkanine.com\">http:\/\/www.atelierkanine.com<\/a><\/p>\n\n\n\n<p style=\"line-height:0\">kanine.mending@gmail.com<\/p>\n<\/div>\n<\/div>\n<\/details>\n<\/details>\n<\/div>\n\n\n\n<div style=\"height:30px\" aria-hidden=\"true\" class=\"wp-block-spacer\"><\/div>\n\n\n\n<div class=\"wp-block-group has-global-padding is-layout-constrained wp-block-group-is-layout-constrained\">\n<p><strong>Si vous avez appr\u00e9ci\u00e9 l&rsquo;\u00e9v\u00e9nement et souhaitez nous aider \u00e0 en organiser d&rsquo;autres, vous pouvez soutenir le festival en participant \u00e0 notre campagne de financement participatif :<\/strong><\/p>\n\n\n\n<iframe id=\"haWidget\" allowtransparency=\"true\" src=\"https:\/\/www.helloasso.com\/associations\/une-histoire-a-malakoff\/collectes\/test\/widget-bouton\" style=\"width: 100%; height: 70px; border: none;\"><\/iframe>\n<\/div>\n\n\n\n<div style=\"height:20px\" aria-hidden=\"true\" class=\"wp-block-spacer\"><\/div>\n","protected":false},"excerpt":{"rendered":"<p>Exposition des oeuvres chez les commer&ccedil;ants Du vendredi 3 au samedi 19 avril Une Histoire \u00e0 Malakoff n\u2019existerait pas sans son rendez-vous d\u00e9sormais classique&nbsp;: l\u2019art qui s\u2019invite dans les vitrines de vos commerces pr\u00e9f\u00e9r\u00e9s. Fl\u00e2nez de l\u2019un \u00e0 l\u2019autre pour d\u00e9couvrir les \u0153uvres dans toute la ville et profitez-en pour discuter avec les commer\u00e7ants et [&hellip;]<\/p>\n","protected":false},"author":1,"featured_media":0,"parent":1472,"menu_order":0,"comment_status":"closed","ping_status":"closed","template":"page-no-title","meta":{"footnotes":""},"class_list":["post-2734","page","type-page","status-publish","hentry"],"jetpack_sharing_enabled":true,"_links":{"self":[{"href":"https:\/\/unehistoireamalakoff.org\/index.php\/wp-json\/wp\/v2\/pages\/2734","targetHints":{"allow":["GET"]}}],"collection":[{"href":"https:\/\/unehistoireamalakoff.org\/index.php\/wp-json\/wp\/v2\/pages"}],"about":[{"href":"https:\/\/unehistoireamalakoff.org\/index.php\/wp-json\/wp\/v2\/types\/page"}],"author":[{"embeddable":true,"href":"https:\/\/unehistoireamalakoff.org\/index.php\/wp-json\/wp\/v2\/users\/1"}],"replies":[{"embeddable":true,"href":"https:\/\/unehistoireamalakoff.org\/index.php\/wp-json\/wp\/v2\/comments?post=2734"}],"version-history":[{"count":85,"href":"https:\/\/unehistoireamalakoff.org\/index.php\/wp-json\/wp\/v2\/pages\/2734\/revisions"}],"predecessor-version":[{"id":4275,"href":"https:\/\/unehistoireamalakoff.org\/index.php\/wp-json\/wp\/v2\/pages\/2734\/revisions\/4275"}],"up":[{"embeddable":true,"href":"https:\/\/unehistoireamalakoff.org\/index.php\/wp-json\/wp\/v2\/pages\/1472"}],"wp:attachment":[{"href":"https:\/\/unehistoireamalakoff.org\/index.php\/wp-json\/wp\/v2\/media?parent=2734"}],"curies":[{"name":"wp","href":"https:\/\/api.w.org\/{rel}","templated":true}]}}